{"id":496,"date":"2026-08-06T23:11:29","date_gmt":"2026-08-06T21:11:29","guid":{"rendered":"https:\/\/eletminosegedittel.hu\/?page_id=496"},"modified":"2026-08-09T22:43:41","modified_gmt":"2026-08-09T20:43:41","slug":"blog","status":"publish","type":"page","link":"https:\/\/eletminosegedittel.hu\/?page_id=496","title":{"rendered":"BLOG"},"content":{"rendered":"\t\t<div data-elementor-type=\"wp-page\" data-elementor-id=\"496\" class=\"elementor elementor-496\" data-elementor-post-type=\"page\">\n\t\t\t\t<div class=\"elementor-element elementor-element-48271d7 e-flex e-con-boxed e-con e-parent\" data-id=\"48271d7\" data-element_type=\"container\" data-e-type=\"container\" data-settings=\"{&quot;background_background&quot;:&quot;classic&quot;}\">\n\t\t\t\t\t<div class=\"e-con-inner\">\n\t\t\t\t<div class=\"elementor-element elementor-element-3185b8d elementor-widget elementor-widget-heading\" data-id=\"3185b8d\" data-element_type=\"widget\" data-e-type=\"widget\" data-widget_type=\"heading.default\">\n\t\t\t\t<div class=\"elementor-widget-container\">\n\t\t\t\t\t<h2 class=\"elementor-heading-title elementor-size-default\">Cikkeink<\/h2>\t\t\t\t<\/div>\n\t\t\t\t<\/div>\n\t\t\t\t\t<\/div>\n\t\t\t\t<\/div>\n\t\t<div class=\"elementor-element elementor-element-a1e7187 e-flex e-con-boxed e-con e-parent\" data-id=\"a1e7187\" data-element_type=\"container\" data-e-type=\"container\">\n\t\t\t\t\t<div class=\"e-con-inner\">\n\t\t\t\t<div class=\"elementor-element elementor-element-23f7d9e elementor-grid-3 elementor-grid-tablet-2 elementor-grid-mobile-1 elementor-posts--thumbnail-top elementor-posts--show-avatar elementor-card-shadow-yes elementor-posts__hover-gradient elementor-widget elementor-widget-posts\" data-id=\"23f7d9e\" data-element_type=\"widget\" data-e-type=\"widget\" data-settings=\"{&quot;pagination_type&quot;:&quot;numbers_and_prev_next&quot;,&quot;cards_columns&quot;:&quot;3&quot;,&quot;cards_columns_tablet&quot;:&quot;2&quot;,&quot;cards_columns_mobile&quot;:&quot;1&quot;,&quot;cards_row_gap&quot;:{&quot;unit&quot;:&quot;px&quot;,&quot;size&quot;:35,&quot;sizes&quot;:[]},&quot;cards_row_gap_tablet&quot;:{&quot;unit&quot;:&quot;px&quot;,&quot;size&quot;:&quot;&quot;,&quot;sizes&quot;:[]},&quot;cards_row_gap_mobile&quot;:{&quot;unit&quot;:&quot;px&quot;,&quot;size&quot;:&quot;&quot;,&quot;sizes&quot;:[]}}\" data-widget_type=\"posts.cards\">\n\t\t\t\t<div class=\"elementor-widget-container\">\n\t\t\t\t\t\t\t<div class=\"elementor-posts-container elementor-posts elementor-posts--skin-cards elementor-grid\">\n\t\t\t\t<article class=\"elementor-post elementor-grid-item post-520 post type-post status-publish format-standard hentry category-uncategorized\">\n\t\t\t<div class=\"elementor-post__card\">\n\t\t\t\t<div class=\"elementor-post__text\">\n\t\t\t\t<h3 class=\"elementor-post__title\">\n\t\t\t<a href=\"https:\/\/eletminosegedittel.hu\/?p=520\" >\n\t\t\t\tAmikor a szervezet gyullad\u00e1sba ker\u00fcl \u2013 okok, t\u00fcnetek \u00e9s megold\u00e1sok\t\t\t<\/a>\n\t\t<\/h3>\n\t\t\t\t<div class=\"elementor-post__excerpt\">\n\t\t\t<p>A gyullad\u00e1s a szervezet term\u00e9szetes v\u00e9dekez\u0151 reakci\u00f3ja. Seg\u00edt a s\u00e9r\u00fcl\u00e9sek gy\u00f3gyul\u00e1s\u00e1ban \u00e9s a k\u00f3rokoz\u00f3k elleni k\u00fczdelemben. A probl\u00e9ma akkor kezd\u0151dik, amikor a gyullad\u00e1s nem m\u00falik el, hanem kr\u00f3nikuss\u00e1 v\u00e1lik, \u00e9s hossz\u00fa t\u00e1von terheli a szervezetet. A kr\u00f3nikus, alacsony szint\u0171 gyullad\u00e1s sokszor \u00e9szrev\u00e9tlen\u00fcl van jelen, m\u00e9gis komoly hat\u00e1ssal lehet az eg\u00e9szs\u00e9gre<\/p>\n\t\t<\/div>\n\t\t\n\t\t<a class=\"elementor-post__read-more\" href=\"https:\/\/eletminosegedittel.hu\/?p=520\" aria-label=\"Read more about Amikor a szervezet gyullad\u00e1sba ker\u00fcl \u2013 okok, t\u00fcnetek \u00e9s megold\u00e1sok\" tabindex=\"-1\" >\n\t\t\tTov\u00e1bb olvasom \u00bb\t\t<\/a>\n\n\t\t\t\t<\/div>\n\t\t\t\t<div class=\"elementor-post__meta-data\">\n\t\t\t\t\t<span class=\"elementor-post-date\">\n\t\t\taugusztus 7, 2026\t\t<\/span>\n\t\t\t\t<\/div>\n\t\t\t\t\t<\/div>\n\t\t<\/article>\n\t\t\t\t<article class=\"elementor-post elementor-grid-item post-518 post type-post status-publish format-standard hentry category-uncategorized\">\n\t\t\t<div class=\"elementor-post__card\">\n\t\t\t\t<div class=\"elementor-post__text\">\n\t\t\t\t<h3 class=\"elementor-post__title\">\n\t\t\t<a href=\"https:\/\/eletminosegedittel.hu\/?p=518\" >\n\t\t\t\tAmikor a b\u00e9lfl\u00f3ra kibillen \u2013 mi\u00e9rt romlik a mikrobiom \u00e1llapota, \u00e9s hogyan t\u00e1mogathatjuk?\t\t\t<\/a>\n\t\t<\/h3>\n\t\t\t\t<div class=\"elementor-post__excerpt\">\n\t\t\t<p>A b\u00e9lrendszer\u00fcnkben \u00e9l\u0151 mikroorganizmusok \u00f6sszess\u00e9g\u00e9t nevezz\u00fck b\u00e9lfl\u00f3r\u00e1nak vagy mikrobiomnak. Ezek az apr\u00f3 \u201el\u00e1thatatlan seg\u00edt\u0151k\u201d kulcsszerepet j\u00e1tszanak az em\u00e9szt\u00e9sben, az immunrendszer m\u0171k\u00f6d\u00e9s\u00e9ben, s\u0151t m\u00e9g a hangulatunk \u00e9s energiaszint\u00fcnk alakul\u00e1s\u00e1ban is. Ha a mikrobiom egyens\u00falya felborul, az nemcsak em\u00e9szt\u00e9si panaszokban, hanem \u00e1ltal\u00e1nos k\u00f6z\u00e9rzeti probl\u00e9m\u00e1kban is megmutatkozhat. Mi jelezheti a b\u00e9lfl\u00f3ra rossz \u00e1llapot\u00e1t?<\/p>\n\t\t<\/div>\n\t\t\n\t\t<a class=\"elementor-post__read-more\" href=\"https:\/\/eletminosegedittel.hu\/?p=518\" aria-label=\"Read more about Amikor a b\u00e9lfl\u00f3ra kibillen \u2013 mi\u00e9rt romlik a mikrobiom \u00e1llapota, \u00e9s hogyan t\u00e1mogathatjuk?\" tabindex=\"-1\" >\n\t\t\tTov\u00e1bb olvasom \u00bb\t\t<\/a>\n\n\t\t\t\t<\/div>\n\t\t\t\t<div class=\"elementor-post__meta-data\">\n\t\t\t\t\t<span class=\"elementor-post-date\">\n\t\t\taugusztus 7, 2026\t\t<\/span>\n\t\t\t\t<\/div>\n\t\t\t\t\t<\/div>\n\t\t<\/article>\n\t\t\t\t<article class=\"elementor-post elementor-grid-item post-516 post type-post status-publish format-standard has-post-thumbnail hentry category-uncategorized\">\n\t\t\t<div class=\"elementor-post__card\">\n\t\t\t\t<a class=\"elementor-post__thumbnail__link\" href=\"https:\/\/eletminosegedittel.hu\/?p=516\" tabindex=\"-1\" ><div class=\"elementor-post__thumbnail\"><img fetchpriority=\"high\" decoding=\"async\" width=\"1920\" height=\"864\" src=\"https:\/\/eletminosegedittel.hu\/wp-content\/uploads\/2026\/03\/eletminosegedittel-termekek.jpg\" class=\"attachment-full size-full wp-image-321\" alt=\"\" srcset=\"https:\/\/eletminosegedittel.hu\/wp-content\/uploads\/2026\/03\/eletminosegedittel-termekek.jpg 1920w, https:\/\/eletminosegedittel.hu\/wp-content\/uploads\/2026\/03\/eletminosegedittel-termekek-300x135.jpg 300w, https:\/\/eletminosegedittel.hu\/wp-content\/uploads\/2026\/03\/eletminosegedittel-termekek-1024x461.jpg 1024w, https:\/\/eletminosegedittel.hu\/wp-content\/uploads\/2026\/03\/eletminosegedittel-termekek-768x346.jpg 768w, https:\/\/eletminosegedittel.hu\/wp-content\/uploads\/2026\/03\/eletminosegedittel-termekek-1536x691.jpg 1536w\" sizes=\"(max-width: 1920px) 100vw, 1920px\" \/><\/div><\/a>\n\t\t\t\t<div class=\"elementor-post__badge\">Uncategorized<\/div>\n\t\t\t\t<div class=\"elementor-post__avatar\">\n\t\t\t<img alt='KalmanneGalEdit' src='https:\/\/secure.gravatar.com\/avatar\/e71719ee4423129b866861005a6ca8075230a5b146944186b35ca723d21e4b7c?s=128&#038;d=mm&#038;r=g' srcset='https:\/\/secure.gravatar.com\/avatar\/e71719ee4423129b866861005a6ca8075230a5b146944186b35ca723d21e4b7c?s=256&#038;d=mm&#038;r=g 2x' class='avatar avatar-128 photo' height='128' width='128' \/>\t\t<\/div>\n\t\t\t\t<div class=\"elementor-post__text\">\n\t\t\t\t<h3 class=\"elementor-post__title\">\n\t\t\t<a href=\"https:\/\/eletminosegedittel.hu\/?p=516\" >\n\t\t\t\tReflux \u2013 mi\u00e9rt alakul ki, \u00e9s mit tehet\u00fcnk ellene?\t\t\t<\/a>\n\t\t<\/h3>\n\t\t\t\t<div class=\"elementor-post__excerpt\">\n\t\t\t<p>A reflux napjaink egyik leggyakoribb em\u00e9szt\u0151rendszeri panasza. \u00c9g\u0151 \u00e9rz\u00e9s a mellkasban, savas felb\u00f6f\u00f6g\u00e9s, torokkapar\u00e1s, k\u00f6h\u00f6g\u00e9s vagy ak\u00e1r rekedts\u00e9g \u2013 sokan ismerik ezeket a t\u00fcneteket, m\u00e9gis kevesen \u00e9rtik, mi zajlik val\u00f3j\u00e1ban a h\u00e1tt\u00e9rben. A j\u00f3 h\u00edr az, hogy a reflux gyakran \u00e9letm\u00f3ddal \u00e9s tudatoss\u00e1ggal is j\u00f3l kezelhet\u0151, nem csak gy\u00f3gyszerekkel. Mi<\/p>\n\t\t<\/div>\n\t\t\n\t\t<a class=\"elementor-post__read-more\" href=\"https:\/\/eletminosegedittel.hu\/?p=516\" aria-label=\"Read more about Reflux \u2013 mi\u00e9rt alakul ki, \u00e9s mit tehet\u00fcnk ellene?\" tabindex=\"-1\" >\n\t\t\tTov\u00e1bb olvasom \u00bb\t\t<\/a>\n\n\t\t\t\t<\/div>\n\t\t\t\t<div class=\"elementor-post__meta-data\">\n\t\t\t\t\t<span class=\"elementor-post-date\">\n\t\t\taugusztus 6, 2026\t\t<\/span>\n\t\t\t\t<\/div>\n\t\t\t\t\t<\/div>\n\t\t<\/article>\n\t\t\t\t<article class=\"elementor-post elementor-grid-item post-511 post type-post status-publish format-standard hentry category-uncategorized tag-asvanyi-anyag\">\n\t\t\t<div class=\"elementor-post__card\">\n\t\t\t\t<div class=\"elementor-post__text\">\n\t\t\t\t<h3 class=\"elementor-post__title\">\n\t\t\t<a href=\"https:\/\/eletminosegedittel.hu\/?p=511\" >\n\t\t\t\tMi\u00e9rt n\u00e9lk\u00fcl\u00f6zhetetlenek a vitaminok \u00e9s \u00e1sv\u00e1nyi anyagok a szervezet sz\u00e1m\u00e1ra?\t\t\t<\/a>\n\t\t<\/h3>\n\t\t\t\t<div class=\"elementor-post__excerpt\">\n\t\t\t<p>A vitaminok \u00e9s \u00e1sv\u00e1nyi anyagok apr\u00f3nak t\u0171n\u0151, m\u00e9gis l\u00e9tfontoss\u00e1g\u00fa elemei az eg\u00e9szs\u00e9g\u00fcnknek. B\u00e1r csak kis mennyis\u00e9gben van r\u00e1juk sz\u00fcks\u00e9g, szerep\u00fck \u00f3ri\u00e1si: n\u00e9lk\u00fcl\u00fck a szervezet alapvet\u0151 folyamatai nem m\u0171k\u00f6dn\u00e9nek megfelel\u0151en. A modern \u00e9letm\u00f3d mellett egyre t\u00f6bben tapasztalj\u00e1k a tart\u00f3s f\u00e1radts\u00e1got, a cs\u00f6kkent energiaszintet vagy a gyeng\u00e9bb ellen\u00e1ll\u00f3 k\u00e9pess\u00e9get. Ezek h\u00e1tter\u00e9ben gyakran<\/p>\n\t\t<\/div>\n\t\t\n\t\t<a class=\"elementor-post__read-more\" href=\"https:\/\/eletminosegedittel.hu\/?p=511\" aria-label=\"Read more about Mi\u00e9rt n\u00e9lk\u00fcl\u00f6zhetetlenek a vitaminok \u00e9s \u00e1sv\u00e1nyi anyagok a szervezet sz\u00e1m\u00e1ra?\" tabindex=\"-1\" >\n\t\t\tTov\u00e1bb olvasom \u00bb\t\t<\/a>\n\n\t\t\t\t<\/div>\n\t\t\t\t<div class=\"elementor-post__meta-data\">\n\t\t\t\t\t<span class=\"elementor-post-date\">\n\t\t\taugusztus 6, 2026\t\t<\/span>\n\t\t\t\t<\/div>\n\t\t\t\t\t<\/div>\n\t\t<\/article>\n\t\t\t\t<\/div>\n\t\t\n\t\t\t\t\t\t<\/div>\n\t\t\t\t<\/div>\n\t\t\t\t\t<\/div>\n\t\t\t\t<\/div>\n\t\t\t\t<\/div>\n\t\t","protected":false},"excerpt":{"rendered":"<p>Cikkeink<\/p>\n","protected":false},"author":1,"featured_media":0,"parent":0,"menu_order":0,"comment_status":"closed","ping_status":"closed","template":"elementor_header_footer","meta":{"footnotes":""},"class_list":["post-496","page","type-page","status-publish","hentry"],"_links":{"self":[{"href":"https:\/\/eletminosegedittel.hu\/index.php?rest_route=\/wp\/v2\/pages\/496","targetHints":{"allow":["GET"]}}],"collection":[{"href":"https:\/\/eletminosegedittel.hu\/index.php?rest_route=\/wp\/v2\/pages"}],"about":[{"href":"https:\/\/eletminosegedittel.hu\/index.php?rest_route=\/wp\/v2\/types\/page"}],"author":[{"embeddable":true,"href":"https:\/\/eletminosegedittel.hu\/index.php?rest_route=\/wp\/v2\/users\/1"}],"replies":[{"embeddable":true,"href":"https:\/\/eletminosegedittel.hu\/index.php?rest_route=%2Fwp%2Fv2%2Fcomments&post=496"}],"version-history":[{"count":25,"href":"https:\/\/eletminosegedittel.hu\/index.php?rest_route=\/wp\/v2\/pages\/496\/revisions"}],"predecessor-version":[{"id":552,"href":"https:\/\/eletminosegedittel.hu\/index.php?rest_route=\/wp\/v2\/pages\/496\/revisions\/552"}],"wp:attachment":[{"href":"https:\/\/eletminosegedittel.hu\/index.php?rest_route=%2Fwp%2Fv2%2Fmedia&parent=496"}],"curies":[{"name":"wp","href":"https:\/\/api.w.org\/{rel}","templated":true}]}}