{"id":272,"date":"2026-02-04T22:47:49","date_gmt":"2026-02-04T21:47:49","guid":{"rendered":"https:\/\/eletminosegedittel.hu\/?page_id=272"},"modified":"2026-08-12T23:38:41","modified_gmt":"2026-08-12T21:38:41","slug":"gyulladascsokkentes","status":"publish","type":"page","link":"https:\/\/eletminosegedittel.hu\/?page_id=272","title":{"rendered":"Gyullad\u00e1scs\u00f6kkent\u00e9s"},"content":{"rendered":"\t\t<div data-elementor-type=\"wp-page\" data-elementor-id=\"272\" class=\"elementor elementor-272\" data-elementor-post-type=\"page\">\n\t\t\t\t<div class=\"elementor-element elementor-element-b7ed681 e-flex e-con-boxed e-con e-parent\" data-id=\"b7ed681\" data-element_type=\"container\" data-e-type=\"container\" data-settings=\"{&quot;background_background&quot;:&quot;classic&quot;}\">\n\t\t\t\t\t<div class=\"e-con-inner\">\n\t\t\t\t<div class=\"elementor-element elementor-element-1917694 elementor-widget elementor-widget-heading\" data-id=\"1917694\" data-element_type=\"widget\" data-e-type=\"widget\" data-widget_type=\"heading.default\">\n\t\t\t\t<div class=\"elementor-widget-container\">\n\t\t\t\t\t<h2 class=\"elementor-heading-title elementor-size-default\">Gyullad\u00e1scs\u00f6kkent\u0151 term\u00e9keink<\/h2>\t\t\t\t<\/div>\n\t\t\t\t<\/div>\n\t\t\t\t\t<\/div>\n\t\t\t\t<\/div>\n\t\t<div class=\"elementor-element elementor-element-ff53f44 e-flex e-con-boxed e-con e-parent\" data-id=\"ff53f44\" data-element_type=\"container\" data-e-type=\"container\" data-settings=\"{&quot;background_background&quot;:&quot;classic&quot;}\">\n\t\t\t\t\t<div class=\"e-con-inner\">\n\t\t<div class=\"elementor-element elementor-element-d73fa73 e-con-full e-flex e-con e-child\" data-id=\"d73fa73\" data-element_type=\"container\" data-e-type=\"container\">\n\t\t\t\t<div class=\"elementor-element elementor-element-00ae9b3 elementor-widget elementor-widget-image\" data-id=\"00ae9b3\" data-element_type=\"widget\" data-e-type=\"widget\" data-widget_type=\"image.default\">\n\t\t\t\t<div class=\"elementor-widget-container\">\n\t\t\t\t\t\t\t\t\t\t\t\t\t\t\t<img fetchpriority=\"high\" decoding=\"async\" width=\"1080\" height=\"1093\" src=\"https:\/\/eletminosegedittel.hu\/wp-content\/uploads\/2026\/08\/ib5-spray-foto.jpg\" class=\"attachment-full size-full wp-image-632\" alt=\"\" srcset=\"https:\/\/eletminosegedittel.hu\/wp-content\/uploads\/2026\/08\/ib5-spray-foto.jpg 1080w, https:\/\/eletminosegedittel.hu\/wp-content\/uploads\/2026\/08\/ib5-spray-foto-296x300.jpg 296w, https:\/\/eletminosegedittel.hu\/wp-content\/uploads\/2026\/08\/ib5-spray-foto-1012x1024.jpg 1012w, https:\/\/eletminosegedittel.hu\/wp-content\/uploads\/2026\/08\/ib5-spray-foto-768x777.jpg 768w\" sizes=\"(max-width: 1080px) 100vw, 1080px\" \/>\t\t\t\t\t\t\t\t\t\t\t\t\t\t\t<\/div>\n\t\t\t\t<\/div>\n\t\t\t\t<\/div>\n\t\t<div class=\"elementor-element elementor-element-03e54a5 e-con-full e-flex e-con e-child\" data-id=\"03e54a5\" data-element_type=\"container\" data-e-type=\"container\">\n\t\t\t\t<div class=\"elementor-element elementor-element-8ca3f62 elementor-widget elementor-widget-heading\" data-id=\"8ca3f62\" data-element_type=\"widget\" data-e-type=\"widget\" data-widget_type=\"heading.default\">\n\t\t\t\t<div class=\"elementor-widget-container\">\n\t\t\t\t\t<h3 class=\"elementor-heading-title elementor-size-default\">FitLine IB\u2075 \u2013 Mindennapi t\u00e1mogat\u00e1s az immunrendszernek\n<\/h3>\t\t\t\t<\/div>\n\t\t\t\t<\/div>\n\t\t\t\t<div class=\"elementor-element elementor-element-2e30731 elementor-widget elementor-widget-text-editor\" data-id=\"2e30731\" data-element_type=\"widget\" data-e-type=\"widget\" data-widget_type=\"text-editor.default\">\n\t\t\t\t<div class=\"elementor-widget-container\">\n\t\t\t\t\t\t\t\t\t<p class=\"p1\">A FitLine IB<span class=\"s1\">\u2075<\/span> egy innovat\u00edv \u00e9trend-kieg\u00e9sz\u00edt\u0151, amely t\u00e1mogatja szervezeted v\u00e9dekez\u0151k\u00e9pess\u00e9g\u00e9t, mik\u00f6zben hozz\u00e1j\u00e1rul a sejtek v\u00e9delm\u00e9hez \u00e9s a ny\u00e1lkah\u00e1rty\u00e1k eg\u00e9szs\u00e9g\u00e9nek fenntart\u00e1s\u00e1hoz.<\/p><p class=\"p1\"><span class=\"s2\"><b>Mi\u00e9rt v\u00e1laszd a FitLine IB<\/b><\/span><span class=\"s3\"><b>\u2075<\/b><\/span><span class=\"s2\"><b>-\u00f6t?<\/b><\/span><\/p><ul class=\"ul1\"><li style=\"list-style-type: none;\"><ul class=\"ul1\"><li class=\"li1\"><b>Immunrendszer t\u00e1mogat\u00e1sa: <\/b>az A-, D- \u00e9s B12-vitamin hozz\u00e1j\u00e1rul az immunrendszer norm\u00e1l m\u0171k\u00f6d\u00e9s\u00e9hez.<\/li><li class=\"li1\"><b>Sejtv\u00e9delem:<\/b> az E-vitamin seg\u00edt megv\u00e9deni a sejteket az oxidat\u00edv stresszt\u0151l.<\/li><li class=\"li1\"><b>Ny\u00e1lkah\u00e1rtya eg\u00e9szs\u00e9ge: <\/b>az A-vitamin, riboflavin \u00e9s biotin hozz\u00e1j\u00e1rul a ny\u00e1lkah\u00e1rty\u00e1k norm\u00e1l \u00e1llapot\u00e1nak fenntart\u00e1s\u00e1hoz.<\/li><li class=\"li1\">Gy\u00f3gyn\u00f6v\u00e9ny-kivonatokat tartalmaz: <b>kakukkf\u0171, menta, gy\u00f6mb\u00e9r, grapefruit, szegf\u0171szeg<\/b>, valamint <b>\u00e9leszt\u0151b\u0151l sz\u00e1rmaz\u00f3 b\u00e9ta-gl\u00fck\u00e1nt<\/b>.<\/li><li class=\"li1\">DCS technol\u00f3gia, amely 2 percen bel\u00fcl megkezd\u0151dik a felsz\u00edv\u00f3d\u00e1s.<\/li><li class=\"li1\">Praktikus, zsebben is elf\u00e9r\u0151 kiszerel\u00e9s \u2013 mindig k\u00e9zn\u00e9l lehet.<\/li><\/ul><\/li><\/ul>\t\t\t\t\t\t\t\t<\/div>\n\t\t\t\t<\/div>\n\t\t\t\t<\/div>\n\t\t\t\t\t<\/div>\n\t\t\t\t<\/div>\n\t\t<div class=\"elementor-element elementor-element-10be314 e-flex e-con-boxed e-con e-parent\" data-id=\"10be314\" data-element_type=\"container\" data-e-type=\"container\" data-settings=\"{&quot;background_background&quot;:&quot;classic&quot;}\">\n\t\t\t\t\t<div class=\"e-con-inner\">\n\t\t<div class=\"elementor-element elementor-element-676e1ad e-con-full e-flex e-con e-child\" data-id=\"676e1ad\" data-element_type=\"container\" data-e-type=\"container\">\n\t\t\t\t<div class=\"elementor-element elementor-element-e2e3da6 elementor-widget elementor-widget-text-editor\" data-id=\"e2e3da6\" data-element_type=\"widget\" data-e-type=\"widget\" data-widget_type=\"text-editor.default\">\n\t\t\t\t<div class=\"elementor-widget-container\">\n\t\t\t\t\t\t\t\t\t<p class=\"p1\"><span class=\"s1\"><b>Haszn\u00e1lat:<\/b> <\/span><\/p><ul class=\"ul1\"><li style=\"list-style-type: none;\"><ul class=\"ul1\"><li class=\"li2\">A palackot fel kell r\u00e1zni, majd 3 permetet (egyet jobbra, egyet balra, egyet h\u00e1tra) kell f\u00fajni a sz\u00e1jba, naponta 1\u20132 szer.<\/li><li class=\"li2\">Miut\u00e1n bef\u00fajtunk, 2 percig nem besz\u00e9l\u00fcnk, \u00edgy tud a leggyorsabban felsz\u00edv\u00f3dni a hat\u00f3anyag a sz\u00e1j ny\u00e1lkah\u00e1rty\u00e1j\u00e1n kereszt\u00fcl.<\/li><\/ul><\/li><\/ul><p class=\"p1\"><span class=\"s1\"><b>Kinek aj\u00e1nlott?<\/b><\/span><\/p><p class=\"p1\">A FitLine IB<span class=\"s3\">\u2075<\/span> aj\u00e1nlott mindazoknak, akik szeretn\u00e9k t\u00e1mogatni szervezet\u00fck term\u00e9szetes v\u00e9dekez\u0151k\u00e9pess\u00e9g\u00e9t \u00e9s a sz\u00e1j\u00fcreg, valamint a sz\u00e1j ny\u00e1lkah\u00e1rty\u00e1k eg\u00e9szs\u00e9g\u00e9t.<\/p><p class=\"p1\"><span class=\"s1\"><b>K\u00fcl\u00f6n\u00f6sen aj\u00e1nlott:<\/b><\/span><\/p><ul class=\"ul1\"><li class=\"li1\">a v\u00edrusos \u00e9s megf\u00e1z\u00e1sos id\u0151szakokban,<\/li><li class=\"li1\">k\u00f6z\u00f6ss\u00e9gbe j\u00e1r\u00f3knak vagy sok emberrel dolgoz\u00f3knak,<\/li><li class=\"li1\">utaz\u00e1s vagy fokozott fizikai, illetve szellemi terhel\u00e9s idej\u00e9n,<\/li><li class=\"li1\">azoknak, akik szeretn\u00e9nek kiemelt figyelmet ford\u00edtani a sz\u00e1jhigi\u00e9ni\u00e1ra,<\/li><li class=\"li1\">\u00e9rz\u00e9keny sz\u00e1jny\u00e1lkah\u00e1rtya vagy fokozott sz\u00e1j\u00e1pol\u00e1si ig\u00e9ny eset\u00e9n,<\/li><li class=\"li1\">fog\u00e1szati kezel\u00e9sek ut\u00e1n a megfelel\u0151 sz\u00e1j\u00e1pol\u00e1si rutin kieg\u00e9sz\u00edt\u00e9sek\u00e9nt.<\/li><li class=\"li1\">akik szeretn\u00e9k a mindennapjaikba be\u00e9p\u00edteni a vitaminok \u00e9s n\u00f6v\u00e9nyi kivonatok ny\u00fajtotta t\u00e1mogat\u00e1st.<\/li><\/ul>\t\t\t\t\t\t\t\t<\/div>\n\t\t\t\t<\/div>\n\t\t\t\t<\/div>\n\t\t<div class=\"elementor-element elementor-element-d452ecd e-con-full e-flex e-con e-child\" data-id=\"d452ecd\" data-element_type=\"container\" data-e-type=\"container\">\n\t\t\t\t<div class=\"elementor-element elementor-element-227f3e5 elementor-widget elementor-widget-text-editor\" data-id=\"227f3e5\" data-element_type=\"widget\" data-e-type=\"widget\" data-widget_type=\"text-editor.default\">\n\t\t\t\t<div class=\"elementor-widget-container\">\n\t\t\t\t\t\t\t\t\t<p class=\"p1\">Ez term\u00e9szetesen egy \u00e9trend-kieg\u00e9sz\u00edt\u0151, nem gy\u00f3gyszer, \u00e9s nem helyettes\u00edti a kiegyens\u00falyozott \u00e9trendet vagy orvosi kezel\u00e9st.<\/p><p class=\"p1\"><span class=\"s1\"><b>Kiszerel\u00e9s<\/b><\/span><\/p><ul class=\"ul1\"><li class=\"li1\"><b>25 ml <\/b><\/li><li class=\"li1\"><b>kb.1-1,5 h\u00f3napra el\u00e9g, <\/b>1\u20132 alkalmas haszn\u00e1latt\u00f3l f\u00fcgg\u0151en.<\/li><li class=\"li1\">Felbont\u00e1s ut\u00e1n <b>90 napon bel\u00fcl<\/b> aj\u00e1nlott felhaszn\u00e1lni.<\/li><\/ul>\t\t\t\t\t\t\t\t<\/div>\n\t\t\t\t<\/div>\n\t\t\t\t<\/div>\n\t\t\t\t\t<\/div>\n\t\t\t\t<\/div>\n\t\t<div class=\"elementor-element elementor-element-da6c704 e-flex e-con-boxed e-con e-parent\" data-id=\"da6c704\" data-element_type=\"container\" data-e-type=\"container\" data-settings=\"{&quot;background_background&quot;:&quot;classic&quot;}\">\n\t\t\t\t\t<div class=\"e-con-inner\">\n\t\t<div class=\"elementor-element elementor-element-0a9f863 e-con-full e-flex e-con e-child\" data-id=\"0a9f863\" data-element_type=\"container\" data-e-type=\"container\">\n\t\t\t\t<div class=\"elementor-element elementor-element-113f723 elementor-widget elementor-widget-image\" data-id=\"113f723\" data-element_type=\"widget\" data-e-type=\"widget\" data-widget_type=\"image.default\">\n\t\t\t\t<div class=\"elementor-widget-container\">\n\t\t\t\t\t\t\t\t\t\t\t\t\t\t\t<img decoding=\"async\" width=\"1080\" height=\"939\" src=\"https:\/\/eletminosegedittel.hu\/wp-content\/uploads\/2026\/08\/hearth-duo-foto.jpg\" class=\"attachment-full size-full wp-image-631\" alt=\"\" srcset=\"https:\/\/eletminosegedittel.hu\/wp-content\/uploads\/2026\/08\/hearth-duo-foto.jpg 1080w, https:\/\/eletminosegedittel.hu\/wp-content\/uploads\/2026\/08\/hearth-duo-foto-300x261.jpg 300w, https:\/\/eletminosegedittel.hu\/wp-content\/uploads\/2026\/08\/hearth-duo-foto-1024x890.jpg 1024w, https:\/\/eletminosegedittel.hu\/wp-content\/uploads\/2026\/08\/hearth-duo-foto-768x668.jpg 768w\" sizes=\"(max-width: 1080px) 100vw, 1080px\" \/>\t\t\t\t\t\t\t\t\t\t\t\t\t\t\t<\/div>\n\t\t\t\t<\/div>\n\t\t\t\t<\/div>\n\t\t<div class=\"elementor-element elementor-element-ea7b3be e-con-full e-flex e-con e-child\" data-id=\"ea7b3be\" data-element_type=\"container\" data-e-type=\"container\">\n\t\t\t\t<div class=\"elementor-element elementor-element-04c2194 elementor-widget elementor-widget-heading\" data-id=\"04c2194\" data-element_type=\"widget\" data-e-type=\"widget\" data-widget_type=\"heading.default\">\n\t\t\t\t<div class=\"elementor-widget-container\">\n\t\t\t\t\t<h3 class=\"elementor-heading-title elementor-size-default\">FitLine Heart Duo \u2013 Kett\u0151s t\u00e1mogat\u00e1s a sz\u00edvnek \u00e9s az agynak<\/h3>\t\t\t\t<\/div>\n\t\t\t\t<\/div>\n\t\t\t\t<div class=\"elementor-element elementor-element-267200b elementor-widget elementor-widget-text-editor\" data-id=\"267200b\" data-element_type=\"widget\" data-e-type=\"widget\" data-widget_type=\"text-editor.default\">\n\t\t\t\t<div class=\"elementor-widget-container\">\n\t\t\t\t\t\t\t\t\t<ul class=\"ul1\"><li class=\"li1\">A\u00a0\u00a0Heart Duo\u00a0az omega-3-mal t\u00e1mogatja a <b>sejth\u00e1rty\u00e1k<\/b> <b>rugalmass\u00e1g\u00e1t<\/b>, a <b>sz\u00edv<\/b>&#8211; \u00e9s <b>\u00e9rrendszert<\/b>, \u00e9s seg\u00edt a <b>gyullad\u00e1sok<\/b> <b>kezel\u00e9s\u00e9ben<\/b>, megel\u0151z\u00e9s\u00e9ben.<\/li><li class=\"li1\">Mindez nem egy nap alatt l\u00e1tszik meg, hanem \u00e9vek m\u00falt\u00e1n. Amikor m\u00e1sokn\u00e1l m\u00e1r f\u00e1radtabb az agym\u0171k\u00f6d\u00e9s vagy merevebbek az erek, addig n\u00e1lad m\u00e9g mindig j\u00f3l m\u0171k\u00f6dnek.<\/li><\/ul><p class=\"p1\"><span class=\"s2\"><b>Milyen \u00f6sszetev\u0151ket tartalmaz?<\/b><\/span><\/p><ul class=\"ul1\"><li class=\"li1\">A term\u00e9k\u00a0kiz\u00e1r\u00f3lag<b> term\u00e9szetes, kiv\u00e1l\u00f3 min\u0151s\u00e9g\u0171 \u00f6sszetev\u0151ket tartalmaz.<\/b><\/li><li class=\"li1\">N<b>em tartalmaz tart\u00f3s\u00edt\u00f3szereket<\/b>, \u00e9s k\u00edm\u00e9letes gy\u00e1rt\u00e1si elj\u00e1r\u00e1ssal (h\u0151kezel\u00e9s n\u00e9lk\u00fcl) k\u00e9sz\u00fcl, hogy a hat\u00f3anyagok meg\u0151rizz\u00e9k maxim\u00e1lis aktivit\u00e1sukat.<\/li><li class=\"li1\">Az Omega-3 zs\u00edrsavakat p\u00e9ld\u00e1ul tengeri mikroalg\u00e1kb\u00f3l nyerik ki, \u00edgy a formula\u00a0<b>100% halmentes\u00a0<\/b>(nincs benne halolaj), teh\u00e1t<b> nincs kellemetlen hal\u00edze.<\/b><\/li><li class=\"li1\"><b>Foly\u00e9kony, csepegtet\u0151s kiszerel\u00e9s\u00e9nek k\u00f6sz\u00f6nhet\u0151en<\/b> a Heart Duo rendk\u00edv\u00fcl\u00a0<b>k\u00f6nnyen haszn\u00e1lhat\u00f3\u00a0<\/b>\u00e9s j\u00f3l adagolhat\u00f3: el\u00e9g naponta 36 cseppet egy poh\u00e1r sz\u00e9nsavmentes v\u00edzbe keverni.<\/li><li class=\"li1\">A\u00a0<b>foly\u00e9kony formula el\u0151nye <\/b>azok sz\u00e1m\u00e1ra, akik nem szeretnek kapszul\u00e1kat lenyelni.<\/li><li class=\"li1\">Glut\u00e9nmenetes, lakt\u00f3zmentes, cukormentes, \u00e9s nem tartalmaz szinez\u00e9ket.<\/li><li class=\"li1\">Kellemes<b> gy\u00f6mb\u00e9r-narancs \u00edz\u0171.<\/b><\/li><\/ul>\t\t\t\t\t\t\t\t<\/div>\n\t\t\t\t<\/div>\n\t\t\t\t<\/div>\n\t\t\t\t\t<\/div>\n\t\t\t\t<\/div>\n\t\t<div class=\"elementor-element elementor-element-e9f5870 e-flex e-con-boxed e-con e-parent\" data-id=\"e9f5870\" data-element_type=\"container\" data-e-type=\"container\" data-settings=\"{&quot;background_background&quot;:&quot;classic&quot;}\">\n\t\t\t\t\t<div class=\"e-con-inner\">\n\t\t<div class=\"elementor-element elementor-element-611b136 e-con-full e-flex e-con e-child\" data-id=\"611b136\" data-element_type=\"container\" data-e-type=\"container\">\n\t\t\t\t<div class=\"elementor-element elementor-element-316d552 elementor-widget elementor-widget-text-editor\" data-id=\"316d552\" data-element_type=\"widget\" data-e-type=\"widget\" data-widget_type=\"text-editor.default\">\n\t\t\t\t<div class=\"elementor-widget-container\">\n\t\t\t\t\t\t\t\t\t<p class=\"p1\"><span class=\"s1\"><b>A formula f\u0151 \u00f6sszetev\u0151i \u00e9s azok hat\u00e1sa:<\/b><\/span><\/p><ul class=\"ul1\"><li class=\"li1\"><b>DHA (Omega-3 zs\u00edrsav)\u00a0<\/b>\u2013 hozz\u00e1j\u00e1rul a norm\u00e1l agym\u0171k\u00f6d\u00e9s fenntart\u00e1s\u00e1hoz, \u00e9s az agysejtek membr\u00e1njainak \u00e9ps\u00e9g\u00e9hez.<\/li><li class=\"li1\"><b>EPA (Omega-3 zs\u00edrsav)\u00a0<\/b>\u2013 a DHA-val egy\u00fctt m\u00e1r napi 250 mg mennyis\u00e9gben t\u00e1mogatja a sz\u00edv norm\u00e1lis m\u0171k\u00f6d\u00e9s\u00e9t.<\/li><li class=\"li1\"><b>B1-vitamin (Tiamin)\u00a0<\/b>\u2013 seg\u00edt a sz\u00edv megfelel\u0151 m\u0171k\u00f6d\u00e9s\u00e9nek fenntart\u00e1s\u00e1ban \u00e9s a norm\u00e1l energiatermel\u0151 anyagcsere-folyamatokban.<\/li><li class=\"li1\"><b>Koenzim Q10\u00a0<\/b>\u2013 kulcsfontoss\u00e1g\u00fa a sejtszint\u0171 energiael\u0151\u00e1ll\u00edt\u00e1sban, k\u00fcl\u00f6n\u00f6sen a sz\u00edvizomsejtekben, hiszen ez\u00e1ltal t\u00e1mogatja a sz\u00edv folyamatos energiaell\u00e1t\u00e1s\u00e1t.<\/li><li class=\"li1\"><b>E-vitamin\u00a0<\/b>\u2013 er\u0151s antioxid\u00e1ns, amely v\u00e9di a sejteket az oxidat\u00edv stressz k\u00e1ros hat\u00e1sait\u00f3l<b>.<\/b><\/li><li class=\"li1\"><b>D-vitamin (D2)\u00a0<\/b>\u2013 hozz\u00e1j\u00e1rul az immunrendszer norm\u00e1l m\u0171k\u00f6d\u00e9s\u00e9hez, a szervezet vitalit\u00e1s\u00e1hoz \u00e9s a megfelel\u0151 eg\u00e9szs\u00e9gi \u00e1llapot fenntart\u00e1s\u00e1hoz.<\/li><li class=\"li1\"><b>Gy\u00f6mb\u00e9r- \u00e9s rozmaringkivonat\u00a0<\/b>\u2013 term\u00e9szetes antioxid\u00e1nsokat tartalmaznak, melyek j\u00f3t\u00e9kony hat\u00e1st fejtenek ki a szervezetben.<\/li><\/ul>\t\t\t\t\t\t\t\t<\/div>\n\t\t\t\t<\/div>\n\t\t\t\t<\/div>\n\t\t<div class=\"elementor-element elementor-element-14b54a0 e-con-full e-flex e-con e-child\" data-id=\"14b54a0\" data-element_type=\"container\" data-e-type=\"container\">\n\t\t\t\t<div class=\"elementor-element elementor-element-3fa3cad elementor-widget elementor-widget-text-editor\" data-id=\"3fa3cad\" data-element_type=\"widget\" data-e-type=\"widget\" data-widget_type=\"text-editor.default\">\n\t\t\t\t<div class=\"elementor-widget-container\">\n\t\t\t\t\t\t\t\t\t<ul class=\"ul1\"><li class=\"li1\"><p class=\"p1\"><span class=\"s1\"><b>Miben seg\u00edthet<\/b>?<\/span><\/p><ul class=\"ul1\"><li class=\"li1\">Sz\u00edv- \u00e9s \u00e9rrendszeri probl\u00e9m\u00e1k eset\u00e9ben.<\/li><li class=\"li1\">\u00a0Megel\u0151zheti a tromb\u00f3zist, \u00edgy v\u00e9d a sz\u00edvinfarktus \u00e9s a sz\u00e9l\u00fct\u00e9s kialakul\u00e1s\u00e1t\u00f3l.<\/li><li class=\"li1\">A v\u00e9rnyom\u00e1st szab\u00e1lyozhatja \u00e9s az ereket tiszt\u00edthatja.<\/li><li class=\"li1\">Jav\u00edthatja a sz\u00edvkoszor\u00fa\u00e9r-betegs\u00e9gben szenved\u0151 betegek \u00e1llapot\u00e1t.<\/li><li class=\"li1\">Koleszterinszint cs\u00f6kkent\u00e9s\u00e9ben.<\/li><li class=\"li1\">Hormonh\u00e1ztart\u00e1s megfelel\u0151 m\u0171k\u00f6d\u00e9s\u00e9ben.<\/li><li class=\"li1\">Depresszi\u00f3 lek\u00fczd\u00e9s\u00e9ben, megel\u0151z\u00e9s\u00e9ben.<\/li><li class=\"li1\">L\u00e1t\u00e1s funkci\u00f3k megfelel\u0151 m\u0171k\u00f6d\u00e9sben.<\/li><li class=\"li1\">Idegrendszer megfelel\u0151 m\u0171k\u00f6d\u00e9s\u00e9ben, koncentr\u00e1ci\u00f3ban.<\/li><li class=\"li1\">Immuner\u0151s\u00edt\u00e9sben \u00e9s gyullad\u00e1scs\u00f6kkent\u00e9sben.<\/li><li class=\"li1\">B\u0151rbetegs\u00e9gekben (pl. pikkelys\u00f6m\u00f6r, ekc\u00e9ma).<\/li><li class=\"li1\">Enyh\u00edtheti a fejf\u00e1j\u00e1st, a migr\u00e9nt.<\/li><li class=\"li1\">Terhess\u00e9g \u00e9s szoptat\u00e1s ideje alatt seg\u00edt visszap\u00f3tolni a sok hasznos t\u00e1panyagot.<\/li><li class=\"li1\">Cs\u00f6kkentheti az asztma \u00e9s az allergia t\u00fcneteit.<\/li><li class=\"li1\">Seg\u00edthet a cukorbetegs\u00e9g \u00e9s az inzulin rezisztencia eset\u00e9n is.<\/li><\/ul><\/li><\/ul>\t\t\t\t\t\t\t\t<\/div>\n\t\t\t\t<\/div>\n\t\t\t\t<\/div>\n\t\t\t\t\t<\/div>\n\t\t\t\t<\/div>\n\t\t<div class=\"elementor-element elementor-element-5e17363 e-flex e-con-boxed e-con e-parent\" data-id=\"5e17363\" data-element_type=\"container\" data-e-type=\"container\" data-settings=\"{&quot;background_background&quot;:&quot;classic&quot;}\">\n\t\t\t\t\t<div class=\"e-con-inner\">\n\t\t<div class=\"elementor-element elementor-element-8ce25ce e-con-full e-flex e-con e-child\" data-id=\"8ce25ce\" data-element_type=\"container\" data-e-type=\"container\">\n\t\t\t\t<div class=\"elementor-element elementor-element-09ab791 elementor-widget elementor-widget-text-editor\" data-id=\"09ab791\" data-element_type=\"widget\" data-e-type=\"widget\" data-widget_type=\"text-editor.default\">\n\t\t\t\t<div class=\"elementor-widget-container\">\n\t\t\t\t\t\t\t\t\t<p class=\"p1\"><span class=\"s1\"><b>Miben k\u00fcl\u00f6nleges a Heart Duo?<\/b><\/span><\/p><ul class=\"ul1\"><li class=\"li1\">Az\u00a0<b>NTC\u00ae technol\u00f3gia (Nutrient Transport Concept)\u00a0<\/b>biztos\u00edtja azt, hogy a t\u00e1panyagok a megfelel\u0151 id\u0151ben \u00e9s helyen sz\u00edv\u00f3djanak fel sejtszinten, ott \u00e9s akkor, ahol a szervezetnek sz\u00fcks\u00e9ge van r\u00e1.<\/li><li class=\"li1\">A m\u00e1sik egyedi a<b> microSolve\u00ae technol\u00f3gia<\/b>, ami azt jelenti, hogy mikroszkopikus m\u00e9ret\u0171re bontja a zs\u00edrban old\u00f3d\u00f3 hat\u00f3anyagokat, \u00edgy <b>jav\u00edtja azok felsz\u00edv\u00f3d\u00e1s\u00e1t \u00e9s biol\u00f3giai hasznosul\u00e1s\u00e1t\u00a0<\/b>a test\u00fcnkben.<\/li><\/ul><p class=\"p1\"><span class=\"s1\"><b><br \/>Kinek aj\u00e1nljuk?<\/b><\/span><\/p><ul class=\"ul1\"><li class=\"li1\">Aki szeretn\u00e9 t\u00e1mogatni\u00a0<b>mem\u00f3ri\u00e1j\u00e1t, koncentr\u00e1ci\u00f3j\u00e1t <\/b>vagy<b> \u00e1ltal\u00e1nos szellemi frissess\u00e9g\u00e9t.<\/b> P\u00e9ld\u00e1ul di\u00e1koknak, szellemi munk\u00e1t v\u00e9gz\u0151knek \u00e9s stresszes \u00e9letm\u00f3d\u00faaknak.<\/li><li class=\"li1\">Azoknak,\u00a0akik<b> sz\u00edv- \u00e9s \u00e9rrendszer\u00fckre szeretn\u00e9nek jobban vigy\u00e1zni\u00a0<\/b>(pl. ha a csal\u00e1dban el\u0151fordult sz\u00edvbetegs\u00e9g, vagy egyszer\u0171en szeretn\u00e9k meg\u0151rizni sz\u00edv\u00fck eg\u00e9szs\u00e9g\u00e9t).\u00a0<\/li><\/ul>\t\t\t\t\t\t\t\t<\/div>\n\t\t\t\t<\/div>\n\t\t\t\t<\/div>\n\t\t<div class=\"elementor-element elementor-element-135e69c e-con-full e-flex e-con e-child\" data-id=\"135e69c\" data-element_type=\"container\" data-e-type=\"container\">\n\t\t\t\t<div class=\"elementor-element elementor-element-9cc21f2 elementor-widget elementor-widget-text-editor\" data-id=\"9cc21f2\" data-element_type=\"widget\" data-e-type=\"widget\" data-widget_type=\"text-editor.default\">\n\t\t\t\t<div class=\"elementor-widget-container\">\n\t\t\t\t\t\t\t\t\t<p><b>K\u00f6z\u00e9pkor\u00fa \u00e9s id\u0151sebb feln\u0151ttek\u00a0<\/b>sz\u00e1m\u00e1ra k\u00fcl\u00f6n\u00f6sen hasznos lehet, hiszen\u00a0<b>35\u201340 \u00e9v felett\u00a0<\/b>a szervezet DHA \u00e9s Q10 szintje cs\u00f6kkenhet, \u00edgy az \u0151 eset\u00fckben a Heart Duo seg\u00edthet ezen anyagok p\u00f3tl\u00e1s\u00e1ban.<\/p><ul><li style=\"list-style-type: none;\"><ul class=\"ul1\"><li class=\"li1\">Emellett\u00a0<b>veget\u00e1ri\u00e1nus vagy veg\u00e1n \u00e9letm\u00f3dot folytat\u00f3knak\u00a0<\/b>is ide\u00e1lis, mivel teljesen halolaj-mentes, n\u00f6v\u00e9nyi alap\u00fa Omega-3 forr\u00e1st tartalmaz.<\/li><\/ul><\/li><\/ul>\t\t\t\t\t\t\t\t<\/div>\n\t\t\t\t<\/div>\n\t\t\t\t<\/div>\n\t\t\t\t\t<\/div>\n\t\t\t\t<\/div>\n\t\t\t\t<\/div>\n\t\t","protected":false},"excerpt":{"rendered":"<p>Gyullad\u00e1scs\u00f6kkent\u0151 term\u00e9keink FitLine IB\u2075 \u2013 Mindennapi t\u00e1mogat\u00e1s az immunrendszernek A FitLine IB\u2075 egy innovat\u00edv \u00e9trend-kieg\u00e9sz\u00edt\u0151, amely t\u00e1mogatja szervezeted v\u00e9dekez\u0151k\u00e9pess\u00e9g\u00e9t, mik\u00f6zben hozz\u00e1j\u00e1rul a sejtek v\u00e9delm\u00e9hez \u00e9s a ny\u00e1lkah\u00e1rty\u00e1k eg\u00e9szs\u00e9g\u00e9nek fenntart\u00e1s\u00e1hoz. Mi\u00e9rt v\u00e1laszd a FitLine IB\u2075-\u00f6t? Immunrendszer t\u00e1mogat\u00e1sa: az A-, D- \u00e9s B12-vitamin hozz\u00e1j\u00e1rul az immunrendszer norm\u00e1l m\u0171k\u00f6d\u00e9s\u00e9hez. Sejtv\u00e9delem: az E-vitamin seg\u00edt megv\u00e9deni a sejteket az oxidat\u00edv [&hellip;]<\/p>\n","protected":false},"author":1,"featured_media":0,"parent":0,"menu_order":0,"comment_status":"closed","ping_status":"closed","template":"elementor_header_footer","meta":{"footnotes":""},"class_list":["post-272","page","type-page","status-publish","hentry"],"_links":{"self":[{"href":"https:\/\/eletminosegedittel.hu\/index.php?rest_route=\/wp\/v2\/pages\/272","targetHints":{"allow":["GET"]}}],"collection":[{"href":"https:\/\/eletminosegedittel.hu\/index.php?rest_route=\/wp\/v2\/pages"}],"about":[{"href":"https:\/\/eletminosegedittel.hu\/index.php?rest_route=\/wp\/v2\/types\/page"}],"author":[{"embeddable":true,"href":"https:\/\/eletminosegedittel.hu\/index.php?rest_route=\/wp\/v2\/users\/1"}],"replies":[{"embeddable":true,"href":"https:\/\/eletminosegedittel.hu\/index.php?rest_route=%2Fwp%2Fv2%2Fcomments&post=272"}],"version-history":[{"count":22,"href":"https:\/\/eletminosegedittel.hu\/index.php?rest_route=\/wp\/v2\/pages\/272\/revisions"}],"predecessor-version":[{"id":643,"href":"https:\/\/eletminosegedittel.hu\/index.php?rest_route=\/wp\/v2\/pages\/272\/revisions\/643"}],"wp:attachment":[{"href":"https:\/\/eletminosegedittel.hu\/index.php?rest_route=%2Fwp%2Fv2%2Fmedia&parent=272"}],"curies":[{"name":"wp","href":"https:\/\/api.w.org\/{rel}","templated":true}]}}