{"id":264,"date":"2026-02-04T22:45:08","date_gmt":"2026-02-04T21:45:08","guid":{"rendered":"https:\/\/eletminosegedittel.hu\/?page_id=264"},"modified":"2026-08-12T23:36:56","modified_gmt":"2026-08-12T21:36:56","slug":"immunerosites","status":"publish","type":"page","link":"https:\/\/eletminosegedittel.hu\/?page_id=264","title":{"rendered":"Immuner\u0151s\u00edt\u00e9s"},"content":{"rendered":"\t\t<div data-elementor-type=\"wp-page\" data-elementor-id=\"264\" class=\"elementor elementor-264\" data-elementor-post-type=\"page\">\n\t\t\t\t<div class=\"elementor-element elementor-element-204e20f e-flex e-con-boxed e-con e-parent\" data-id=\"204e20f\" data-element_type=\"container\" data-e-type=\"container\" data-settings=\"{&quot;background_background&quot;:&quot;classic&quot;}\">\n\t\t\t\t\t<div class=\"e-con-inner\">\n\t\t\t\t<div class=\"elementor-element elementor-element-7b3509b elementor-widget elementor-widget-heading\" data-id=\"7b3509b\" data-element_type=\"widget\" data-e-type=\"widget\" data-widget_type=\"heading.default\">\n\t\t\t\t<div class=\"elementor-widget-container\">\n\t\t\t\t\t<h2 class=\"elementor-heading-title elementor-size-default\">Immuner\u0151s\u00edt\u0151 term\u00e9keink<\/h2>\t\t\t\t<\/div>\n\t\t\t\t<\/div>\n\t\t\t\t\t<\/div>\n\t\t\t\t<\/div>\n\t\t<div class=\"elementor-element elementor-element-d2e1e75 e-flex e-con-boxed e-con e-parent\" data-id=\"d2e1e75\" data-element_type=\"container\" data-e-type=\"container\" data-settings=\"{&quot;background_background&quot;:&quot;classic&quot;}\">\n\t\t\t\t\t<div class=\"e-con-inner\">\n\t\t<div class=\"elementor-element elementor-element-270fce7 e-con-full e-flex e-con e-child\" data-id=\"270fce7\" data-element_type=\"container\" data-e-type=\"container\">\n\t\t\t\t<div class=\"elementor-element elementor-element-bbcfd35 elementor-widget elementor-widget-image\" data-id=\"bbcfd35\" data-element_type=\"widget\" data-e-type=\"widget\" data-widget_type=\"image.default\">\n\t\t\t\t<div class=\"elementor-widget-container\">\n\t\t\t\t\t\t\t\t\t\t\t\t\t\t\t<img fetchpriority=\"high\" decoding=\"async\" width=\"1080\" height=\"1080\" src=\"https:\/\/eletminosegedittel.hu\/wp-content\/uploads\/2026\/03\/powercoctail.png-1.png\" class=\"attachment-full size-full wp-image-342\" alt=\"\" srcset=\"https:\/\/eletminosegedittel.hu\/wp-content\/uploads\/2026\/03\/powercoctail.png-1.png 1080w, https:\/\/eletminosegedittel.hu\/wp-content\/uploads\/2026\/03\/powercoctail.png-1-300x300.png 300w, https:\/\/eletminosegedittel.hu\/wp-content\/uploads\/2026\/03\/powercoctail.png-1-1024x1024.png 1024w, https:\/\/eletminosegedittel.hu\/wp-content\/uploads\/2026\/03\/powercoctail.png-1-150x150.png 150w, https:\/\/eletminosegedittel.hu\/wp-content\/uploads\/2026\/03\/powercoctail.png-1-768x768.png 768w\" sizes=\"(max-width: 1080px) 100vw, 1080px\" \/>\t\t\t\t\t\t\t\t\t\t\t\t\t\t\t<\/div>\n\t\t\t\t<\/div>\n\t\t\t\t<\/div>\n\t\t<div class=\"elementor-element elementor-element-a87bfea e-con-full e-flex e-con e-child\" data-id=\"a87bfea\" data-element_type=\"container\" data-e-type=\"container\">\n\t\t\t\t<div class=\"elementor-element elementor-element-4d3aecb elementor-widget elementor-widget-heading\" data-id=\"4d3aecb\" data-element_type=\"widget\" data-e-type=\"widget\" data-widget_type=\"heading.default\">\n\t\t\t\t<div class=\"elementor-widget-container\">\n\t\t\t\t\t<h3 class=\"elementor-heading-title elementor-size-default\">FitLine PowerCocktail \u2013 Ind\u00edtsd a napod er\u0151sen, energikusan, eg\u00e9szs\u00e9gesen.<\/h3>\t\t\t\t<\/div>\n\t\t\t\t<\/div>\n\t\t\t\t<div class=\"elementor-element elementor-element-cadf1d8 elementor-widget elementor-widget-text-editor\" data-id=\"cadf1d8\" data-element_type=\"widget\" data-e-type=\"widget\" data-widget_type=\"text-editor.default\">\n\t\t\t\t<div class=\"elementor-widget-container\">\n\t\t\t\t\t\t\t\t\t<p>A FitLine PowerCocktail t\u00f6bb mint egy reggeli ital, ez egy \u00a0<strong>komplex mikrot\u00e1panyag-formula<\/strong>, amely t\u00e1mogatja az energiaszintedet, az immunrendszeredet \u00e9s a b\u00e9lfl\u00f3r\u00e1d eg\u00e9szs\u00e9g\u00e9t \u2013 minden nap.<\/p><p><strong>Tudom\u00e1nyosan \u00f6ssze\u00e1ll\u00edtott formula<\/strong><\/p><p>T\u00f6bbsz\u00f6r\u00f6sen szabadalmaztatott \u00f6sszet\u00e9tel t\u00f6bb mint <strong>20 n\u00f6v\u00e9nyi kivonattal<\/strong>, vitaminokkal, rostokkal, em\u00e9szt\u00e9st seg\u00edt\u0151 enzimekkel, pre- \u00e9s probiotikumokkal rendelkezik. Annyi a frukt\u00f3z tartalma, mint egy 1\/3 alm\u00e1\u00e9.<\/p><p><strong><u>Er\u0151sebb v\u00e9delem, jobb felsz\u00edv\u00f3d\u00e1s<\/u><\/strong><\/p><ul><li><strong>A, C, E-vitaminok + szel\u00e9n<\/strong> az oxidat\u00edv stressz ellen seg\u00edtenek.<\/li><li>Polifenolok, flavonoidok \u00e9s antioxid\u00e1nsok a sejtek v\u00e9delm\u00e9ben t\u00e1mogatnak.<\/li><li><strong>NTC\u00ae technol\u00f3gia seg\u00edts\u00e9g\u00e9vel \u2013 ak\u00e1r 40\u00d7 jobb felsz\u00edv\u00f3d\u00e1s<\/strong>, mint a hagyom\u00e1nyos \u00e9trend-kieg\u00e9sz\u00edt\u0151kn\u00e9l.<\/li><\/ul><p><strong><u>Energia, ami nem \u00fct ki<\/u><\/strong><\/p><p>B-vitamin komplex \u00e9s <strong>term\u00e9szetes guarana<\/strong>, polifenolba \u00e1gyazott koffeinnel, ami igazi fellend\u00fcl\u00e9st, majd tart\u00f3s teljes\u00edtm\u00e9nyt biztos\u00edt. Ez azt jelenti, hogy nem hirtelen ad nagy energi\u00e1t, hanem fokozatosan biztos\u00edtja azt kb. 6 \u00f3r\u00e1n kereszt\u00fcl.<\/p>\t\t\t\t\t\t\t\t<\/div>\n\t\t\t\t<\/div>\n\t\t\t\t<\/div>\n\t\t\t\t\t<\/div>\n\t\t\t\t<\/div>\n\t\t<div class=\"elementor-element elementor-element-7fdd7a8 e-flex e-con-boxed e-con e-parent\" data-id=\"7fdd7a8\" data-element_type=\"container\" data-e-type=\"container\" data-settings=\"{&quot;background_background&quot;:&quot;classic&quot;}\">\n\t\t\t\t\t<div class=\"e-con-inner\">\n\t\t<div class=\"elementor-element elementor-element-213bccd e-con-full e-flex e-con e-child\" data-id=\"213bccd\" data-element_type=\"container\" data-e-type=\"container\">\n\t\t\t\t<div class=\"elementor-element elementor-element-0783489 elementor-widget elementor-widget-text-editor\" data-id=\"0783489\" data-element_type=\"widget\" data-e-type=\"widget\" data-widget_type=\"text-editor.default\">\n\t\t\t\t<div class=\"elementor-widget-container\">\n\t\t\t\t\t\t\t\t\t<p><strong><u>Hat\u00e1sa:<\/u><\/strong><\/p><ul><li>Hosszan tart\u00f3 <strong>energi\u00e1t<\/strong> \u00e9s <strong>koncentr\u00e1ci\u00f3t<\/strong> biztos\u00edt.<\/li><li><strong>Immuner\u0151s\u00edt\u00e9st<\/strong> sejtszinten oldja meg.<\/li><li><strong>Eg\u00e9szs\u00e9ges b\u00e9lrendszer<\/strong> m\u0171k\u00f6d\u00e9s\u00e9t t\u00e1mogatja.<\/li><li><strong>Regener\u00e1ci\u00f3s folyamatokban<\/strong> seg\u00edthet.<\/li><\/ul><p><strong><u><br \/>Kinek aj\u00e1nlott?<\/u><\/strong><\/p><ul><li>H\u00e9tk\u00f6znapi embereknek <strong>f\u00e1radts\u00e1g<\/strong>, <strong>stressz<\/strong>, <strong>gyenge immunrendszer<\/strong> eset\u00e9n.<\/li><li>Sportol\u00f3knak <strong>teljes\u00edtm\u00e9ny<\/strong> \u00e9s <strong>regener\u00e1ci\u00f3<\/strong> t\u00e1mogat\u00e1s\u00e1ra.<\/li><li>Id\u0151seknek a <strong>mikrot\u00e1panyag hi\u00e1ny<\/strong> kialakul\u00e1s\u00e1nak <strong>megel\u0151z\u00e9s\u00e9re<\/strong>.<\/li><li>Gyerekeknek k\u00fcl\u00f6n Junior v\u00e1ltozatban kaphat\u00f3. (12 \u00e9ves kor alatt)<\/li><li><strong>Di\u00e9t\u00e1z\u00f3knak<\/strong>, <strong>\u00e9letm\u00f3dv\u00e1lt\u00f3knak<\/strong> t\u00e1panyagkompenz\u00e1ci\u00f3ban is nagy seg\u00edts\u00e9get ny\u00fajthat.<\/li><li>Akinek <strong>em\u00e9szt\u00e9si probl\u00e9m\u00e1i<\/strong> vannak.<\/li><li>12 \u00e9ves kor felett aj\u00e1nlott.<\/li><li>Mindazok sz\u00e1m\u00e1ra, akik\u00a0<strong>t\u00f6bb energi\u00e1ra<\/strong>, <strong>jobb<\/strong> <strong>ellen\u00e1ll\u00f3 k\u00e9pess\u00e9gre<\/strong>\u00a0\u00e9s\u00a0<strong>jobb<\/strong> <strong>\u00e9letmin\u0151s\u00e9gre<\/strong> v\u00e1gynak\u00a0a rohan\u00f3 mindennapokban.<\/li><\/ul>\t\t\t\t\t\t\t\t<\/div>\n\t\t\t\t<\/div>\n\t\t\t\t<\/div>\n\t\t<div class=\"elementor-element elementor-element-ff1822c e-con-full e-flex e-con e-child\" data-id=\"ff1822c\" data-element_type=\"container\" data-e-type=\"container\">\n\t\t\t\t<div class=\"elementor-element elementor-element-abbd652 elementor-widget elementor-widget-text-editor\" data-id=\"abbd652\" data-element_type=\"widget\" data-e-type=\"widget\" data-widget_type=\"text-editor.default\">\n\t\t\t\t<div class=\"elementor-widget-container\">\n\t\t\t\t\t\t\t\t\t<p><strong><u>Hogyan haszn\u00e1ld?<\/u><\/strong><\/p><p>Csak keverd sz\u00e9nsavmentes v\u00edzbe a tasak tartalm\u00e1t \u00e9s gondoskodj a napi t\u00e1panyagell\u00e1t\u00e1sodr\u00f3l egyetlen poh\u00e1rban. A term\u00e9k fogyaszt\u00e1sa a reggeli \u00f3r\u00e1kban aj\u00e1nlott, hogy a napi t\u00e1panyagell\u00e1t\u00e1s\u00e1t tudjuk biztos\u00edtani a sejtjeinknek. \u00c9rdemes v\u00e1rni vele kb. egy 5 percet, \u00e9s \u00fajra \u00f6sszekeverni. Kicsit selymesebb lesz az \u00e1llaga.<\/p><p>Ne l\u00e9pje t\u00fal a javasolt napi aj\u00e1nlott adagot. Az \u00e9trend-kieg\u00e9sz\u00edt\u0151ket nem szabad a v\u00e1ltozatos \u00e9s kiegyens\u00falyozott \u00e9trend \u00e9s az eg\u00e9szs\u00e9ges \u00e9letm\u00f3d helyettes\u00edt\u00e9s\u00e9re haszn\u00e1lni. Kisgyermekekt\u0151l elz\u00e1rva tartand\u00f3. Por form\u00e1j\u00fa funkcion\u00e1lis \u00e9lelmiszer. <strong>\u00cdz<\/strong>: Narancs-fekete ribizli. Koffeint tartalmaz. Nem aj\u00e1nlott gyermekek vagy terhes n\u0151k sz\u00e1m\u00e1ra. (30 mg koffein \/ napi adag) <strong>\u00c9des\u00edt\u0151szer<\/strong>: N\u00f6v\u00e9nyi eredet\u0171 Stevi\u00e1b\u00f3l sz\u00e1rmaz\u00f3 szteviol-glikozidok.<\/p><p><strong>Kiszerel\u00e9se<\/strong>: 30 tasak\/doboz, ezek egyenk\u00e9nt 15 g-os tasakok = 450 g.<\/p><p><strong>AJ\u00c1NL\u00c1S: 1 adag (1 tasak) naponta.<\/strong><\/p>\t\t\t\t\t\t\t\t<\/div>\n\t\t\t\t<\/div>\n\t\t\t\t<\/div>\n\t\t\t\t\t<\/div>\n\t\t\t\t<\/div>\n\t\t<div class=\"elementor-element elementor-element-68d3fc0 e-flex e-con-boxed e-con e-parent\" data-id=\"68d3fc0\" data-element_type=\"container\" data-e-type=\"container\" data-settings=\"{&quot;background_background&quot;:&quot;classic&quot;}\">\n\t\t\t\t\t<div class=\"e-con-inner\">\n\t\t<div class=\"elementor-element elementor-element-956bc2f e-con-full e-flex e-con e-child\" data-id=\"956bc2f\" data-element_type=\"container\" data-e-type=\"container\">\n\t\t\t\t<div class=\"elementor-element elementor-element-8f68674 elementor-widget elementor-widget-image\" data-id=\"8f68674\" data-element_type=\"widget\" data-e-type=\"widget\" data-widget_type=\"image.default\">\n\t\t\t\t<div class=\"elementor-widget-container\">\n\t\t\t\t\t\t\t\t\t\t\t\t\t\t\t<img decoding=\"async\" width=\"1080\" height=\"1080\" src=\"https:\/\/eletminosegedittel.hu\/wp-content\/uploads\/2026\/03\/restorate-termek.jpg\" class=\"attachment-full size-full wp-image-343\" alt=\"\" srcset=\"https:\/\/eletminosegedittel.hu\/wp-content\/uploads\/2026\/03\/restorate-termek.jpg 1080w, https:\/\/eletminosegedittel.hu\/wp-content\/uploads\/2026\/03\/restorate-termek-300x300.jpg 300w, https:\/\/eletminosegedittel.hu\/wp-content\/uploads\/2026\/03\/restorate-termek-1024x1024.jpg 1024w, https:\/\/eletminosegedittel.hu\/wp-content\/uploads\/2026\/03\/restorate-termek-150x150.jpg 150w, https:\/\/eletminosegedittel.hu\/wp-content\/uploads\/2026\/03\/restorate-termek-768x768.jpg 768w\" sizes=\"(max-width: 1080px) 100vw, 1080px\" \/>\t\t\t\t\t\t\t\t\t\t\t\t\t\t\t<\/div>\n\t\t\t\t<\/div>\n\t\t\t\t<\/div>\n\t\t<div class=\"elementor-element elementor-element-fdbaf00 e-con-full e-flex e-con e-child\" data-id=\"fdbaf00\" data-element_type=\"container\" data-e-type=\"container\">\n\t\t\t\t<div class=\"elementor-element elementor-element-c572f37 elementor-widget elementor-widget-heading\" data-id=\"c572f37\" data-element_type=\"widget\" data-e-type=\"widget\" data-widget_type=\"heading.default\">\n\t\t\t\t<div class=\"elementor-widget-container\">\n\t\t\t\t\t<h3 class=\"elementor-heading-title elementor-size-default\">FitLine Restorate - Regener\u00e1ci\u00f3, mik\u00f6zben alszol.<\/h3>\t\t\t\t<\/div>\n\t\t\t\t<\/div>\n\t\t\t\t<div class=\"elementor-element elementor-element-c1015e1 elementor-widget elementor-widget-text-editor\" data-id=\"c1015e1\" data-element_type=\"widget\" data-e-type=\"widget\" data-widget_type=\"text-editor.default\">\n\t\t\t\t<div class=\"elementor-widget-container\">\n\t\t\t\t\t\t\t\t\t<p><strong><u>FitLine Restorate- Regener\u00e1ci\u00f3, mik\u00f6zben alszol.<\/u><\/strong><\/p><p>Hi\u00e1ba az energia napk\u00f6zben, ha az \u00e9jszakai regener\u00e1ci\u00f3 nem m\u0171k\u00f6dik.<\/p><p>A <strong>FitLine Restorate<\/strong> lefekv\u00e9s el\u0151tt t\u00e1mogatja a testedet abban, hogy <strong>\u00e9jszaka helyre\u00e1lljon, felt\u00f6lt\u0151dj\u00f6n <\/strong>\u00e9s<strong> felk\u00e9sz\u00fclj\u00f6n a k\u00f6vetkez\u0151 napra<\/strong>.<\/p><p>T\u00f6bb mint egy \u00e1sv\u00e1nyi anyag.<\/p><p><strong><u>FONTOS: <\/u><\/strong>Az \u00e1sv\u00e1nyi anyagok \u00e9s mikrot\u00e1panyagok \u00e9jszaka t\u00e1rol\u00f3dnak a legjobban.<\/p><p><strong><u>A Restorate kiv\u00e1l\u00f3 min\u0151s\u00e9g\u0171 kombin\u00e1ci\u00f3ja:<\/u><\/strong><\/p><ul><li>kalcium, magn\u00e9zium, cink, vas<\/li><li>szel\u00e9n, kr\u00f3m, mang\u00e1n, szil\u00edcium<\/li><li><strong>D-vitamin<\/strong><\/li><li>\u00e9s a felsz\u00edv\u00f3d\u00e1st seg\u00edt\u0151 <strong>ajurv\u00e9dikus gy\u00f3gyn\u00f6v\u00e9ny arom\u00e1knak.<\/strong><\/li><\/ul><p>\u27a1\ufe0f <strong>NTC\u00ae technol\u00f3gi\u00e1val<\/strong> k\u00e9sz\u00fclt\u2013 hogy a t\u00e1panyagok val\u00f3ban hasznosuljanak.<\/p><p><strong>\u00a0\u00c9jszakai \u201eh\u00e1l\u00f3sapka\u201d-nak <\/strong>is nevezz\u00fck, hiszen:<\/p><p><strong><u>A cink hozz\u00e1j\u00e1rul:<\/u><\/strong><\/p><ul><li>a norm\u00e1l <strong>sav\u2013b\u00e1zis egyens\u00falyhoz<\/strong><\/li><li>a <strong>sz\u00e9nhidr\u00e1t- \u00e9s zs\u00edranyagcser\u00e9hez<\/strong><\/li><li>a min\u0151s\u00e9gi <strong>pihen\u00e9shez<\/strong><\/li><li>a szervezet norm\u00e1l <strong>regener\u00e1ci\u00f3s<\/strong> folyamataihoz<\/li><\/ul>\t\t\t\t\t\t\t\t<\/div>\n\t\t\t\t<\/div>\n\t\t\t\t<\/div>\n\t\t\t\t\t<\/div>\n\t\t\t\t<\/div>\n\t\t<div class=\"elementor-element elementor-element-35b945b e-flex e-con-boxed e-con e-parent\" data-id=\"35b945b\" data-element_type=\"container\" data-e-type=\"container\" data-settings=\"{&quot;background_background&quot;:&quot;classic&quot;}\">\n\t\t\t\t\t<div class=\"e-con-inner\">\n\t\t<div class=\"elementor-element elementor-element-f426f75 e-con-full e-flex e-con e-child\" data-id=\"f426f75\" data-element_type=\"container\" data-e-type=\"container\">\n\t\t\t\t<div class=\"elementor-element elementor-element-4deb20a elementor-widget elementor-widget-text-editor\" data-id=\"4deb20a\" data-element_type=\"widget\" data-e-type=\"widget\" data-widget_type=\"text-editor.default\">\n\t\t\t\t<div class=\"elementor-widget-container\">\n\t\t\t\t\t\t\t\t\t<p><b>Egyszer\u0171 esti rutin<\/b><\/p><p><span style=\"font-weight: 400;\">Finom \u00edz\u0171, k\u00f6nnyen old\u00f3d\u00f3 por.<\/span><span style=\"font-weight: 400;\"><br \/><\/span><span style=\"font-weight: 400;\">\ud83d\udc49<\/span><span style=\"font-weight: 400;\"> Fogyaszd <\/span><b>lefekv\u00e9s el\u0151tt<\/b><span style=\"font-weight: 400;\">, \u00e9s hagyd, hogy a tested tegye a dolg\u00e1t.<\/span><\/p><p><span style=\"font-weight: 400;\">\ud83d\udc49<\/span> <b>Pr\u00f3b\u00e1ld ki a FitLine Restorate-ot most<\/b><span style=\"font-weight: 400;\"><br \/><\/span><span style=\"font-weight: 400;\">\ud83d\udc49<\/span> <b>\u00c9bredj frissebben, mint valaha<\/b><\/p><p><span style=\"font-weight: 400;\">Ezen a linken megtekinthet\u0151 az esti kokt\u00e9lunk tudom\u00e1nyos bemutat\u00f3ja:<\/span><\/p>\t\t\t\t\t\t\t\t<\/div>\n\t\t\t\t<\/div>\n\t\t\t\t<\/div>\n\t\t<div class=\"elementor-element elementor-element-795e624 e-con-full e-flex e-con e-child\" data-id=\"795e624\" data-element_type=\"container\" data-e-type=\"container\">\n\t\t\t\t<\/div>\n\t\t\t\t\t<\/div>\n\t\t\t\t<\/div>\n\t\t<div class=\"elementor-element elementor-element-26ede9d e-flex e-con-boxed e-con e-parent\" data-id=\"26ede9d\" data-element_type=\"container\" data-e-type=\"container\" data-settings=\"{&quot;background_background&quot;:&quot;classic&quot;}\">\n\t\t\t\t\t<div class=\"e-con-inner\">\n\t\t<div class=\"elementor-element elementor-element-c4bcd40 e-con-full e-flex e-con e-child\" data-id=\"c4bcd40\" data-element_type=\"container\" data-e-type=\"container\">\n\t\t\t\t<div class=\"elementor-element elementor-element-2ce4f64 elementor-widget elementor-widget-image\" data-id=\"2ce4f64\" data-element_type=\"widget\" data-e-type=\"widget\" data-widget_type=\"image.default\">\n\t\t\t\t<div class=\"elementor-widget-container\">\n\t\t\t\t\t\t\t\t\t\t\t\t\t\t\t<img decoding=\"async\" width=\"1080\" height=\"955\" src=\"https:\/\/eletminosegedittel.hu\/wp-content\/uploads\/2026\/08\/zellschutz-antioxy-foto.jpg\" class=\"attachment-full size-full wp-image-629\" alt=\"\" srcset=\"https:\/\/eletminosegedittel.hu\/wp-content\/uploads\/2026\/08\/zellschutz-antioxy-foto.jpg 1080w, https:\/\/eletminosegedittel.hu\/wp-content\/uploads\/2026\/08\/zellschutz-antioxy-foto-300x265.jpg 300w, https:\/\/eletminosegedittel.hu\/wp-content\/uploads\/2026\/08\/zellschutz-antioxy-foto-1024x905.jpg 1024w, https:\/\/eletminosegedittel.hu\/wp-content\/uploads\/2026\/08\/zellschutz-antioxy-foto-768x679.jpg 768w\" sizes=\"(max-width: 1080px) 100vw, 1080px\" \/>\t\t\t\t\t\t\t\t\t\t\t\t\t\t\t<\/div>\n\t\t\t\t<\/div>\n\t\t\t\t<\/div>\n\t\t<div class=\"elementor-element elementor-element-6e09f37 e-con-full e-flex e-con e-child\" data-id=\"6e09f37\" data-element_type=\"container\" data-e-type=\"container\">\n\t\t\t\t<div class=\"elementor-element elementor-element-e0c6b40 elementor-widget elementor-widget-heading\" data-id=\"e0c6b40\" data-element_type=\"widget\" data-e-type=\"widget\" data-widget_type=\"heading.default\">\n\t\t\t\t<div class=\"elementor-widget-container\">\n\t\t\t\t\t<h3 class=\"elementor-heading-title elementor-size-default\">FitLine Zellschutz Antioxy \u2013 Antioxid\u00e1ns sejtv\u00e9delem minden nap<\/h3>\t\t\t\t<\/div>\n\t\t\t\t<\/div>\n\t\t\t\t<div class=\"elementor-element elementor-element-b463a20 elementor-widget elementor-widget-text-editor\" data-id=\"b463a20\" data-element_type=\"widget\" data-e-type=\"widget\" data-widget_type=\"text-editor.default\">\n\t\t\t\t<div class=\"elementor-widget-container\">\n\t\t\t\t\t\t\t\t\t<p class=\"p1\">A <b>FitLine Zellschutz Antioxy<\/b> narancs\u00edz\u0171 antioxid\u00e1ns italpor, amely vitaminokkal, szel\u00e9nnel \u00e9s \u00e9rt\u00e9kes n\u00f6v\u00e9nyi kivonatokkal t\u00e1mogatja a szervezetet. <span class=\"s1\"><b>F\u0151 feladata<\/b><\/span> a sejtek oxidat\u00edv stresszel szembeni v\u00e9delme \u00e9s az immunrendszer norm\u00e1l m\u0171k\u00f6d\u00e9s\u00e9nek t\u00e1mogat\u00e1sa.<\/p><p class=\"p1\"><span class=\"s1\"><b>Mi\u00e9rt v\u00e1laszd a FitLine Zellschutz Antioxyt?<\/b><\/span><\/p><ul class=\"ul1\"><li class=\"li1\"><b>Sejtv\u00e9delem:<\/b> a C- \u00e9s E-vitamin, valamint a szel\u00e9n hozz\u00e1j\u00e1rul a sejtek oxidat\u00edv stresszel szembeni v\u00e9delm\u00e9hez.<\/li><li class=\"li1\"><b>Immunrendszer t\u00e1mogat\u00e1sa:<\/b> a C-vitamin \u00e9s a szel\u00e9n hozz\u00e1j\u00e1rul az immunrendszer norm\u00e1l m\u0171k\u00f6d\u00e9s\u00e9hez.<\/li><li class=\"li1\"><b>Term\u00e9szetes n\u00f6v\u00e9nyi kivonatok:<\/b> citrus bioflavonoidok, z\u00f6ld tea, acerola, brokkolics\u00edra, paradicsom, kurkuma, fokhagyma, \u00e1fonya, feketeribizli \u00e9s sz\u00e1mos gy\u00fcm\u00f6lcs-, z\u00f6lds\u00e9g- \u00e9s gy\u00f3gyn\u00f6v\u00e9ny-kivonat.<\/li><li class=\"li1\"><b>NTC\u00ae technol\u00f3gia<\/b>, amely t\u00e1mogatja a t\u00e1panyagok optim\u00e1lis hasznosul\u00e1s\u00e1t.<\/li><li class=\"li1\"><b>Glut\u00e9nmentes, lakt\u00f3zmentes, veg\u00e1n<\/b>, hozz\u00e1adott cukor n\u00e9lk\u00fcl.<\/li><li class=\"li1\"><b>K\u00f6lner List\u00e1n szerepl\u0151<\/b>, doppingellen\u0151rz\u00f6tt sportol\u00f3k sz\u00e1m\u00e1ra is megfelel\u0151 term\u00e9k.<\/li><\/ul>\t\t\t\t\t\t\t\t<\/div>\n\t\t\t\t<\/div>\n\t\t\t\t<\/div>\n\t\t\t\t\t<\/div>\n\t\t\t\t<\/div>\n\t\t<div class=\"elementor-element elementor-element-55b0bb3 e-flex e-con-boxed e-con e-parent\" data-id=\"55b0bb3\" data-element_type=\"container\" data-e-type=\"container\" data-settings=\"{&quot;background_background&quot;:&quot;classic&quot;}\">\n\t\t\t\t\t<div class=\"e-con-inner\">\n\t\t<div class=\"elementor-element elementor-element-a96fff3 e-con-full e-flex e-con e-child\" data-id=\"a96fff3\" data-element_type=\"container\" data-e-type=\"container\">\n\t\t\t\t<div class=\"elementor-element elementor-element-eb5c722 elementor-widget elementor-widget-text-editor\" data-id=\"eb5c722\" data-element_type=\"widget\" data-e-type=\"widget\" data-widget_type=\"text-editor.default\">\n\t\t\t\t<div class=\"elementor-widget-container\">\n\t\t\t\t\t\t\t\t\t<p class=\"p1\"><span class=\"s1\"><b>Kinek aj\u00e1nlott?<\/b><\/span><\/p><p class=\"p1\">A FitLine Zellschutz Antioxy aj\u00e1nlott mindazoknak, akik szeretn\u00e9k t\u00e1mogatni szervezet\u00fck antioxid\u00e1ns v\u00e9delm\u00e9t \u00e9s immunrendszer\u00fck norm\u00e1l m\u0171k\u00f6d\u00e9s\u00e9t.<\/p><p class=\"p2\"><span class=\"s1\"><b>K\u00fcl\u00f6n\u00f6sen aj\u00e1nlott:<\/b><\/span><\/p><ul class=\"ul1\"><li class=\"li3\">Azoknak, akik szeretn\u00e9k t\u00e1mogatni immunrendszer\u00fck norm\u00e1l m\u0171k\u00f6d\u00e9s\u00e9t a megf\u00e1z\u00e1sos id\u0151szakokban.<\/li><li class=\"li3\">Akik tavasszal vagy ny\u00e1ron fokozott k\u00f6rnyezeti terhel\u00e9snek vannak kit\u00e9ve (pl. pollenszezonban).<\/li><li class=\"li3\">F\u00e1radt, kimer\u00fclt, stresszes \u00e9letm\u00f3dot \u00e9l\u0151knek.<\/li><li class=\"li3\">Sportol\u00f3knak \u00e9s akt\u00edv \u00e9letm\u00f3dot \u00e9l\u0151knek, akik szeretn\u00e9k t\u00e1mogatni szervezet\u00fck regener\u00e1ci\u00f3j\u00e1t.<\/li><li class=\"li3\">Akik kev\u00e9s z\u00f6lds\u00e9get \u00e9s gy\u00fcm\u00f6lcs\u00f6t fogyasztanak a mindennapokban.<\/li><li class=\"li3\">Doh\u00e1nyz\u00f3knak vagy fokozott oxidat\u00edv terhel\u00e9snek kitetteknek.<\/li><li class=\"li3\">Nagyv\u00e1rosban \u00e9l\u0151knek, ahol a leveg\u0151szennyez\u00e9s nagyobb terhel\u00e9st jelenthet.<\/li><li class=\"li1\">Akik napi t\u00f6bb \u00f3r\u00e1t t\u00f6ltenek sz\u00e1m\u00edt\u00f3g\u00e9p el\u0151tt.<\/li><li class=\"li2\">Azoknak, akik sok id\u0151t t\u00f6ltenek napon vagy fokozott UV-terhel\u00e9s \u00e9ri \u0151ket.<\/li><\/ul>\t\t\t\t\t\t\t\t<\/div>\n\t\t\t\t<\/div>\n\t\t\t\t<\/div>\n\t\t<div class=\"elementor-element elementor-element-ce5543e e-con-full e-flex e-con e-child\" data-id=\"ce5543e\" data-element_type=\"container\" data-e-type=\"container\">\n\t\t\t\t<div class=\"elementor-element elementor-element-ebd9701 elementor-widget elementor-widget-text-editor\" data-id=\"ebd9701\" data-element_type=\"widget\" data-e-type=\"widget\" data-widget_type=\"text-editor.default\">\n\t\t\t\t<div class=\"elementor-widget-container\">\n\t\t\t\t\t\t\t\t\t<p class=\"p1\"><span class=\"s1\"><b>Milyen hat\u00f3anyagokat tartalmaz?<\/b><\/span><\/p><p class=\"p1\">A Zellschutz Antioxy t\u00f6bbek k\u00f6z\u00f6tt <b>C-vitamint, E-vitamint, b\u00e9ta-karotint (A-provitamint), szel\u00e9nt<\/b>, valamint citrus bioflavonoidokat \u00e9s sz\u00e1mos gy\u00fcm\u00f6lcs-, z\u00f6lds\u00e9g- \u00e9s gy\u00f3gyn\u00f6v\u00e9ny-kivonatot tartalmaz. Ezek egy\u00fctt t\u00e1mogatj\u00e1k a sejtek oxidat\u00edv stresszel szembeni v\u00e9delm\u00e9t \u00e9s az immunrendszer norm\u00e1l m\u0171k\u00f6d\u00e9s\u00e9t.<\/p><p class=\"p1\"><span class=\"s1\"><b>Haszn\u00e1lat<\/b><\/span><\/p><ol class=\"ol1\"><li class=\"li1\">Tegy\u00e9l <b>4 teli m\u00e9r\u0151kan\u00e1llal (7,5 g)<\/b> 150 ml v\u00edzhez.<\/li><li class=\"li1\">Keverd el alaposan.<\/li><li class=\"li1\">Fogyaszd naponta <b>1 alkalommal<\/b>, lehet\u0151leg a FitLine Optimal-Set r\u00e9szek\u00e9nt.<\/li><\/ol><p class=\"p1\"><span class=\"s1\"><b>Kiszerel\u00e9s<\/b><\/span><\/p><ul class=\"ul1\"><li class=\"li1\">450 g<\/li><li class=\"li1\">60 adag (teh\u00e1t 2 h\u00f3napra elegend\u0151)<\/li><\/ul><p class=\"p1\"><span class=\"s1\"><b>Fontos tudnival\u00f3<\/b><\/span><\/p><p class=\"p1\">Az \u00e9trend-kieg\u00e9sz\u00edt\u0151 nem helyettes\u00edti a kiegyens\u00falyozott, v\u00e1ltozatos \u00e9trendet \u00e9s az eg\u00e9szs\u00e9ges \u00e9letm\u00f3dot \u00e9s az orvosi kezel\u00e9st.<\/p>\t\t\t\t\t\t\t\t<\/div>\n\t\t\t\t<\/div>\n\t\t\t\t<\/div>\n\t\t\t\t\t<\/div>\n\t\t\t\t<\/div>\n\t\t<div class=\"elementor-element elementor-element-4245a12 e-flex e-con-boxed e-con e-parent\" data-id=\"4245a12\" data-element_type=\"container\" data-e-type=\"container\" data-settings=\"{&quot;background_background&quot;:&quot;classic&quot;}\">\n\t\t\t\t\t<div class=\"e-con-inner\">\n\t\t<div class=\"elementor-element elementor-element-3355409 e-con-full e-flex e-con e-child\" data-id=\"3355409\" data-element_type=\"container\" data-e-type=\"container\">\n\t\t\t\t<div class=\"elementor-element elementor-element-158e664 elementor-widget elementor-widget-image\" data-id=\"158e664\" data-element_type=\"widget\" data-e-type=\"widget\" data-widget_type=\"image.default\">\n\t\t\t\t<div class=\"elementor-widget-container\">\n\t\t\t\t\t\t\t\t\t\t\t\t\t\t\t<img loading=\"lazy\" decoding=\"async\" width=\"1080\" height=\"1068\" src=\"https:\/\/eletminosegedittel.hu\/wp-content\/uploads\/2026\/08\/activize-foto.jpg\" class=\"attachment-full size-full wp-image-637\" alt=\"\" srcset=\"https:\/\/eletminosegedittel.hu\/wp-content\/uploads\/2026\/08\/activize-foto.jpg 1080w, https:\/\/eletminosegedittel.hu\/wp-content\/uploads\/2026\/08\/activize-foto-300x297.jpg 300w, https:\/\/eletminosegedittel.hu\/wp-content\/uploads\/2026\/08\/activize-foto-1024x1013.jpg 1024w, https:\/\/eletminosegedittel.hu\/wp-content\/uploads\/2026\/08\/activize-foto-768x759.jpg 768w\" sizes=\"(max-width: 1080px) 100vw, 1080px\" \/>\t\t\t\t\t\t\t\t\t\t\t\t\t\t\t<\/div>\n\t\t\t\t<\/div>\n\t\t\t\t<\/div>\n\t\t<div class=\"elementor-element elementor-element-f962073 e-con-full e-flex e-con e-child\" data-id=\"f962073\" data-element_type=\"container\" data-e-type=\"container\">\n\t\t\t\t<div class=\"elementor-element elementor-element-115f8dc elementor-widget elementor-widget-heading\" data-id=\"115f8dc\" data-element_type=\"widget\" data-e-type=\"widget\" data-widget_type=\"heading.default\">\n\t\t\t\t<div class=\"elementor-widget-container\">\n\t\t\t\t\t<h3 class=\"elementor-heading-title elementor-size-default\">FitLine Activize Oxyplus \u2013 energikusabb napokra, kompromisszumok n\u00e9lk\u00fcl.\n<\/h3>\t\t\t\t<\/div>\n\t\t\t\t<\/div>\n\t\t\t\t<div class=\"elementor-element elementor-element-3f1abd2 elementor-widget elementor-widget-text-editor\" data-id=\"3f1abd2\" data-element_type=\"widget\" data-e-type=\"widget\" data-widget_type=\"text-editor.default\">\n\t\t\t\t<div class=\"elementor-widget-container\">\n\t\t\t\t\t\t\t\t\t<p class=\"p1\">A FitLine Activize Oxyplus egy pr\u00e9mium funkcion\u00e1lis italpor, amely <b>gyors, m\u00e9gis kiegyens\u00falyozott energi\u00e1t<\/b> ad a mindennapokhoz. Term\u00e9szetes guarana kivonattal, teljes B-vitamin komplexszel \u00e9s C-vitaminnal t\u00e1mogatja az <b>energiatermel\u00e9st, a koncentr\u00e1ci\u00f3t \u00e9s a szellemi frissess\u00e9get<\/b>. A <b>v\u00f6r\u00f6sv\u00e9rtestek<\/b> k\u00e9pz\u0151d\u00e9s\u00e9t is seg\u00edti.<\/p><p class=\"p1\">A k\u00fcl\u00f6nleges <b>NTC\u00ae (Nutrient Transport Concept)<\/b> technol\u00f3gi\u00e1nak k\u00f6sz\u00f6nhet\u0151en a hat\u00f3anyagok hat\u00e9konyan jutnak el a sejtekhez, \u00edgy a hat\u00e1s gyorsan \u00e9rezhet\u0151. A c\u00e9kla- \u00e9s algakivonat seg\u00edti a jobb v\u00e9rkering\u00e9st \u00e9s oxig\u00e9nell\u00e1t\u00e1st, m\u00edg a niacin \u00e1ltal kiv\u00e1ltott enyhe meleg\u00e9rzet (\u201e<b>flush<\/b>\u201d) a fokozott kering\u00e9s term\u00e9szetes jele.<\/p><p class=\"p1\">Kellemes feketeribizli \u00edz\u0171, k\u00f6nnyen elk\u00e9sz\u00edthet\u0151 ital, amely <b>ide\u00e1lis k\u00e1v\u00e9 vagy energiaital helyett<\/b> \u2013 edz\u00e9shez, tanul\u00e1shoz vagy egy hossz\u00fa munkanaphoz.<\/p><p class=\"p1\">Az <b>Activize<\/b> tartalmazza az \u00f6sszes l\u00e9tfontoss\u00e1g\u00fa <b>B-vitamin<\/b> csoportot, a megfelel\u0151 mennyis\u00e9g\u0171 <b>C-vitamin<\/b> csoporttal egy\u00fctt. A <b>guarana<\/b> n\u00f6v\u00e9ny biztos\u00edtja sz\u00e1munkra 6 \u00f3r\u00e1n kereszt\u00fcl a megfelel\u0151 mennyis\u00e9g\u0171 energi\u00e1t. Tartalmaz m\u00e9g egy B3 nev\u0171 vitamint is, ez a \u201e<b>niacin<\/b>\u201d, ami a v\u00e9rt oxig\u00e9nnel l\u00e1tja el.<\/p><p class=\"p1\">Ennek a hat\u00e1sa gyorsan m\u00e9rhet\u0151, ha valaki egy picit t\u00f6bbet iszik bel\u0151le, vagy nagyon oxig\u00e9nhi\u00e1nyos a szervezete, akkor egy kicsit <b>kipirosodhat<\/b>, jelentkezhet <b>b\u0151rp\u00edr<\/b>, <b>melegs\u00e9g<\/b>, <b>bizserg\u00e9s<\/b>, de ett\u0151l nem kell megijedni, ez egy norm\u00e1lis folyamat, kb. 20-30 percen bel\u00fcl el fog m\u00falni. Ha esetleg nagyon zavar\u00f3, akkor pedig 2-3 poh\u00e1r tiszta v\u00edzzel seg\u00edthet\u00fcnk a v\u00e9rkering\u00e9snek az eldolgoz\u00e1s\u00e1ban.<\/p>\t\t\t\t\t\t\t\t<\/div>\n\t\t\t\t<\/div>\n\t\t\t\t<\/div>\n\t\t\t\t\t<\/div>\n\t\t\t\t<\/div>\n\t\t<div class=\"elementor-element elementor-element-6d886fd e-flex e-con-boxed e-con e-parent\" data-id=\"6d886fd\" data-element_type=\"container\" data-e-type=\"container\" data-settings=\"{&quot;background_background&quot;:&quot;classic&quot;}\">\n\t\t\t\t\t<div class=\"e-con-inner\">\n\t\t<div class=\"elementor-element elementor-element-9537e69 e-con-full e-flex e-con e-child\" data-id=\"9537e69\" data-element_type=\"container\" data-e-type=\"container\">\n\t\t\t\t<div class=\"elementor-element elementor-element-4051716 elementor-widget elementor-widget-text-editor\" data-id=\"4051716\" data-element_type=\"widget\" data-e-type=\"widget\" data-widget_type=\"text-editor.default\">\n\t\t\t\t<div class=\"elementor-widget-container\">\n\t\t\t\t\t\t\t\t\t<p class=\"p1\"><span class=\"s1\"><b>Mi\u00e9rt fontosak a B-vitaminok?<\/b><\/span><\/p><ul class=\"ul1\"><li class=\"li1\">Mert ezeket tudja a szervezet\u00fcnk legnehezebben felvenni a t\u00e1pl\u00e1lkoz\u00e1sunkb\u00f3l.<\/li><li class=\"li1\">Viszont a szervezet\u00fcnk sz\u00e1m\u00e1ra \u0151k adj\u00e1k a megfelel\u0151 energiaszintet.<\/li><li class=\"li1\">Nagyon magas a biohasznosul\u00e1sa \u00e9s 2-5 percen bel\u00fcl, 90 % feletti a sejtszint\u0171 felsz\u00edv\u00f3d\u00e1sa.<\/li><\/ul><p class=\"p1\"><span class=\"s1\"><b><br \/>Hat\u00e1sa<\/b><\/span>:<\/p><ul class=\"ul1\"><li class=\"li1\">N\u00f6veli a fizikai aktivit\u00e1st, er\u0151s\u00edti az idegrendszert.<\/li><li class=\"li1\">Hideg k\u00e9z-\u00e9s l\u00e1b \u00e9rzetet normaliz\u00e1lja.<\/li><li class=\"li1\">20 perccel a testmozg\u00e1s el\u0151tt fogyasztva felgyors\u00edtja a zs\u00edr\u00e9get\u00e9st.<\/li><\/ul><p class=\"p1\"><span class=\"s1\"><b><br \/>Kinek aj\u00e1nlott<\/b><\/span>?<\/p><ul class=\"ul1\"><li class=\"li1\">akik gyakran k\u00fczdenek fejf\u00e1j\u00e1ssal<\/li><li class=\"li1\">sportol\u00f3knak edz\u00e9s el\u0151tt, edz\u00e9s k\u00f6zben<\/li><li class=\"li1\">fizikai \u00e9s szellemi megterhel\u00e9s eset\u00e9n<\/li><li class=\"li1\">akinek energi\u00e1ra van sz\u00fcks\u00e9ge<\/li><li class=\"li1\">tanul\u00f3knak seg\u00edt a koncentr\u00e1ci\u00f3ban, a tanul\u00e1sban (12 \u00e9ves kort\u00f3l)<\/li><li class=\"li1\">aki kimer\u00fclt, sokat stresszel \u00e9s f\u00e1rad\u00e9kony<\/li><li class=\"li1\">akinek B \u00e9s C-vitamin hi\u00e1nyos a szervezete<\/li><\/ul>\t\t\t\t\t\t\t\t<\/div>\n\t\t\t\t<\/div>\n\t\t\t\t<\/div>\n\t\t<div class=\"elementor-element elementor-element-5f5e558 e-con-full e-flex e-con e-child\" data-id=\"5f5e558\" data-element_type=\"container\" data-e-type=\"container\">\n\t\t\t\t<div class=\"elementor-element elementor-element-ecb24ff elementor-widget elementor-widget-text-editor\" data-id=\"ecb24ff\" data-element_type=\"widget\" data-e-type=\"widget\" data-widget_type=\"text-editor.default\">\n\t\t\t\t<div class=\"elementor-widget-container\">\n\t\t\t\t\t\t\t\t\t<p class=\"p1\"><span class=\"s1\"><b>Kinek nem aj\u00e1nlott?<\/b><\/span><\/p><p class=\"p1\">Az Activize biztons\u00e1gos \u00e9s term\u00e9szetes \u00f6sszetev\u0151j\u0171 formula, azonban\u00a0\u00a0<b>kisgyermekeknek, v\u00e1rand\u00f3s vagy szoptat\u00f3 kismam\u00e1knak nem aj\u00e1nlott<\/b>\u00a0a koffeintartalom miatt.<\/p><p class=\"p1\"><span class=\"s1\"><b>Hogyan haszn\u00e1ld?<\/b><\/span><\/p><p class=\"p1\">Tegy\u00e9l 1 teli kan\u00e1llal (1,67 g) egy \u00fcres poh\u00e1rba \u00e9s adj hozz\u00e1 min 40 ml sz\u00e9nsavmentes vizet. Keverd el am\u00edg felold\u00f3dik. Haszn\u00e1ld naponta ak\u00e1r 3 x. <span class=\"s2\"><b>175 gramm, 105 adag.<\/b><\/span><\/p><p class=\"p2\"><span class=\"s1\"><b>Fogyaszt\u00e1si tippek:<\/b><\/span>\u00a0<\/p><ul class=\"ul1\"><li class=\"li2\">Az Activize-t\u00a0\u00a0legjobb <b>reggel<\/b>, \u00e9bred\u00e9s ut\u00e1n\u00a0els\u0151k\u00e9nt elfogyasztani, \u00edgy be tudjuk ind\u00edtani vele a napot \u00e9s p\u00f3toljuk az \u00e9jszaka sor\u00e1n kimer\u00fclt energiarakt\u00e1rakat.<\/li><li class=\"li2\"><b>Napk\u00f6zben<\/b>, amikor a teljes\u00edt\u0151k\u00e9pess\u00e9g cs\u00f6kken vagy el\u00e1lmosodunk, akkor egy \u00fajabb adag Activize seg\u00edthet visszanyerni a f\u00f3kuszt \u00e9s frissess\u00e9get.\u00a0\u00a0<\/li><li class=\"li2\"><b>Sportol\u00e1s el\u0151tt<\/b>\u00a015-30 perccel fogyasztva term\u00e9szetes energi\u00e1t ad az edz\u00e9shez, n\u00f6velheti az \u00e1ll\u00f3k\u00e9pess\u00e9get \u00e9s a koncentr\u00e1ci\u00f3t.<\/li><li class=\"li2\">Mivel koffeint tartalmaz, az Activize fogyaszt\u00e1s\u00e1t\u00a0<b>k\u00e9s\u0151 est\u00e9re<\/b> m\u00e1r nem javasoljuk, hogy ne zavarja az esti alv\u00e1st, pihen\u00e9st.<\/li><li class=\"li2\"><b>Esti \u00f3r\u00e1kban<\/b> ink\u00e1bb a Restorate-et \u00e9rdemes v\u00e1lasztani.<\/li><\/ul>\t\t\t\t\t\t\t\t<\/div>\n\t\t\t\t<\/div>\n\t\t\t\t<\/div>\n\t\t\t\t\t<\/div>\n\t\t\t\t<\/div>\n\t\t<div class=\"elementor-element elementor-element-8c1dd9f e-flex e-con-boxed e-con e-parent\" data-id=\"8c1dd9f\" data-element_type=\"container\" data-e-type=\"container\" data-settings=\"{&quot;background_background&quot;:&quot;classic&quot;}\">\n\t\t\t\t\t<div class=\"e-con-inner\">\n\t\t<div class=\"elementor-element elementor-element-75f6ee9 e-con-full e-flex e-con e-child\" data-id=\"75f6ee9\" data-element_type=\"container\" data-e-type=\"container\">\n\t\t\t\t<div class=\"elementor-element elementor-element-e5f45cb elementor-widget elementor-widget-image\" data-id=\"e5f45cb\" data-element_type=\"widget\" data-e-type=\"widget\" data-widget_type=\"image.default\">\n\t\t\t\t<div class=\"elementor-widget-container\">\n\t\t\t\t\t\t\t\t\t\t\t\t\t\t\t<img loading=\"lazy\" decoding=\"async\" width=\"1080\" height=\"884\" src=\"https:\/\/eletminosegedittel.hu\/wp-content\/uploads\/2026\/08\/power-coctail-junior.jpg\" class=\"attachment-full size-full wp-image-630\" alt=\"\" srcset=\"https:\/\/eletminosegedittel.hu\/wp-content\/uploads\/2026\/08\/power-coctail-junior.jpg 1080w, https:\/\/eletminosegedittel.hu\/wp-content\/uploads\/2026\/08\/power-coctail-junior-300x246.jpg 300w, https:\/\/eletminosegedittel.hu\/wp-content\/uploads\/2026\/08\/power-coctail-junior-1024x838.jpg 1024w, https:\/\/eletminosegedittel.hu\/wp-content\/uploads\/2026\/08\/power-coctail-junior-768x629.jpg 768w\" sizes=\"(max-width: 1080px) 100vw, 1080px\" \/>\t\t\t\t\t\t\t\t\t\t\t\t\t\t\t<\/div>\n\t\t\t\t<\/div>\n\t\t\t\t<\/div>\n\t\t<div class=\"elementor-element elementor-element-38298ab e-con-full e-flex e-con e-child\" data-id=\"38298ab\" data-element_type=\"container\" data-e-type=\"container\">\n\t\t\t\t<div class=\"elementor-element elementor-element-a91e9e8 elementor-widget elementor-widget-heading\" data-id=\"a91e9e8\" data-element_type=\"widget\" data-e-type=\"widget\" data-widget_type=\"heading.default\">\n\t\t\t\t<div class=\"elementor-widget-container\">\n\t\t\t\t\t<h3 class=\"elementor-heading-title elementor-size-default\">PowerCocktail Junior: Sejtszint\u0171 mikrot\u00e1panyagok a fejl\u0151d\u0151 szervezetnek 1,5-14 \u00e9ves korig\n<\/h3>\t\t\t\t<\/div>\n\t\t\t\t<\/div>\n\t\t\t\t<div class=\"elementor-element elementor-element-e548f8a elementor-widget elementor-widget-text-editor\" data-id=\"e548f8a\" data-element_type=\"widget\" data-e-type=\"widget\" data-widget_type=\"text-editor.default\">\n\t\t\t\t<div class=\"elementor-widget-container\">\n\t\t\t\t\t\t\t\t\t<p class=\"p1\"><span class=\"s1\"><b>F\u0151bb \u00f6sszetv\u0151k \u00e9s hat\u00e1suk<\/b><\/span><\/p><ul class=\"ul1\"><li class=\"li1\">Az italban tal\u00e1lhat\u00f3\u00a0<b>kalcium<\/b>,<b> D-vitamin<\/b> \u00e9s <b>magn\u00e9zium<\/b> gondoskodik a csontok n\u00f6veked\u00e9s\u00e9r\u0151l \u00e9s a fogak eg\u00e9szs\u00e9g\u00e9r\u0151l.<\/li><li class=\"li1\">A<b>\u00a0B-vitaminok<\/b>\u00a0\u00e9s\u00a0<b>magn\u00e9zium<\/b>\u00a0seg\u00edtenek az izomzat \u00e9s a sz\u00f6vetek fejl\u0151d\u00e9s\u00e9ben is.<\/li><li class=\"li1\">A gyerekek kev\u00e9sb\u00e9 lesznek f\u00e1rad\u00e9konyak,\u00a0t\u00f6bb energi\u00e1juk lesz a mozg\u00e1shoz, j\u00e1t\u00e9khoz \u00e9s sporthoz.<\/li><li class=\"li1\">A\u00a0<b>B1-vitamin (tiamin)<\/b> hozz\u00e1j\u00e1rul az idegrendszer norm\u00e1l m\u0171k\u00f6d\u00e9s\u00e9hez, ami a koncentr\u00e1ci\u00f3hoz \u00e9s a tanul\u00e1shoz fontos t\u00e1mogat\u00e1s.<\/li><li class=\"li1\">A\u00a0<b>B12-vitamin<\/b>\u00a0\u00e9s a\u00a0<b>folsav<\/b>\u00a0seg\u00edt az idegsejtek k\u00e9pz\u0151d\u00e9s\u00e9ben \u00e9s a mem\u00f3ria megfelel\u0151 m\u0171k\u00f6d\u00e9s\u00e9ben, illetve seg\u00edtik a v\u00e9rk\u00e9pz\u00e9st.<\/li><li class=\"li1\">A\u00a0<b>magn\u00e9zium<\/b> \u00e9s <b>B6-vitamin\u00a0<\/b>kombin\u00e1ci\u00f3ja t\u00e1mogatja az idegrendszert, \u00edgy a gyermek kiegyens\u00falyozottabb lesz.<\/li><li class=\"li1\">A PowerCocktail Junior <b>prebiotikus rostjai<\/b> t\u00e1mogatj\u00e1k a hasznos bakt\u00e9riumokat a belekben, \u00edgy\u00a0jav\u00edtja az em\u00e9szt\u00e9st \u00e9s a t\u00e1panyagok felsz\u00edv\u00f3d\u00e1s\u00e1t. Megfigyelhet\u0151 p\u00e9ld\u00e1ul, hogy a gyermek kev\u00e9sb\u00e9 lesz ingerl\u00e9keny \u00e9s jobban tud figyelni az \u00f3r\u00e1kon.<\/li><li class=\"li1\">A\u00a0<b>D-vitamin<\/b>, bizony\u00edtottan elengedhetetlen a megfelel\u0151 immunv\u00e9dekez\u00e9shez (ennek hi\u00e1ny\u00e1ban a gyerekek fog\u00e9konyabbak a fert\u0151z\u00e9sekre).<\/li><li class=\"li1\">A\u00a0<b>C-vitamin\u00a0<\/b>\u00e9s a\u00a0<b>E-vitamin\u00a0antioxid\u00e1nsai<\/b> v\u00e9dik az immunsejteket a k\u00e1ros hat\u00e1sokt\u00f3l.<\/li><\/ul>\t\t\t\t\t\t\t\t<\/div>\n\t\t\t\t<\/div>\n\t\t\t\t<\/div>\n\t\t\t\t\t<\/div>\n\t\t\t\t<\/div>\n\t\t<div class=\"elementor-element elementor-element-c4fdaef e-flex e-con-boxed e-con e-parent\" data-id=\"c4fdaef\" data-element_type=\"container\" data-e-type=\"container\" data-settings=\"{&quot;background_background&quot;:&quot;classic&quot;}\">\n\t\t\t\t\t<div class=\"e-con-inner\">\n\t\t<div class=\"elementor-element elementor-element-343aa16 e-con-full e-flex e-con e-child\" data-id=\"343aa16\" data-element_type=\"container\" data-e-type=\"container\">\n\t\t\t\t<div class=\"elementor-element elementor-element-efc7e61 elementor-widget elementor-widget-text-editor\" data-id=\"efc7e61\" data-element_type=\"widget\" data-e-type=\"widget\" data-widget_type=\"text-editor.default\">\n\t\t\t\t<div class=\"elementor-widget-container\">\n\t\t\t\t\t\t\t\t\t<p class=\"p1\"><span class=\"s1\"><b>Kinek aj\u00e1nlott?<\/b><\/span><\/p><p class=\"p1\">A FitLine Zellschutz Antioxy aj\u00e1nlott mindazoknak, akik szeretn\u00e9k t\u00e1mogatni szervezet\u00fck antioxid\u00e1ns v\u00e9delm\u00e9t \u00e9s immunrendszer\u00fck norm\u00e1l m\u0171k\u00f6d\u00e9s\u00e9t.<\/p><p class=\"p1\"><span class=\"s1\"><b>K\u00fcl\u00f6n\u00f6sen aj\u00e1nlott:<\/b><\/span><\/p><ul class=\"ul1\"><li class=\"li2\">Azoknak, akik szeretn\u00e9k t\u00e1mogatni immunrendszer\u00fck norm\u00e1l m\u0171k\u00f6d\u00e9s\u00e9t a megf\u00e1z\u00e1sos id\u0151szakokban.<\/li><li class=\"li2\">Akik tavasszal vagy ny\u00e1ron fokozott k\u00f6rnyezeti terhel\u00e9snek vannak kit\u00e9ve (pl. pollenszezonban).<\/li><li class=\"li2\">F\u00e1radt, kimer\u00fclt, stresszes \u00e9letm\u00f3dot \u00e9l\u0151knek.<\/li><li class=\"li2\">Sportol\u00f3knak \u00e9s akt\u00edv \u00e9letm\u00f3dot \u00e9l\u0151knek, akik szeretn\u00e9k t\u00e1mogatni szervezet\u00fck regener\u00e1ci\u00f3j\u00e1t.<\/li><li class=\"li2\">Akik kev\u00e9s z\u00f6lds\u00e9get \u00e9s gy\u00fcm\u00f6lcs\u00f6t fogyasztanak a mindennapokban.<\/li><li class=\"li2\">Doh\u00e1nyz\u00f3knak vagy fokozott oxidat\u00edv terhel\u00e9snek kitetteknek.<\/li><li class=\"li2\">Nagyv\u00e1rosban \u00e9l\u0151knek, ahol a leveg\u0151szennyez\u00e9s nagyobb terhel\u00e9st jelenthet.<\/li><li class=\"li2\">Akik napi t\u00f6bb \u00f3r\u00e1t t\u00f6ltenek sz\u00e1m\u00edt\u00f3g\u00e9p el\u0151tt.<\/li><li class=\"li2\">Azoknak, akik sok id\u0151t t\u00f6ltenek napon vagy fokozott UV-terhel\u00e9s \u00e9ri \u0151ket.<\/li><\/ul>\t\t\t\t\t\t\t\t<\/div>\n\t\t\t\t<\/div>\n\t\t\t\t<\/div>\n\t\t<div class=\"elementor-element elementor-element-ec3ee82 e-con-full e-flex e-con e-child\" data-id=\"ec3ee82\" data-element_type=\"container\" data-e-type=\"container\">\n\t\t\t\t<div class=\"elementor-element elementor-element-f3fa7ca elementor-widget elementor-widget-text-editor\" data-id=\"f3fa7ca\" data-element_type=\"widget\" data-e-type=\"widget\" data-widget_type=\"text-editor.default\">\n\t\t\t\t<div class=\"elementor-widget-container\">\n\t\t\t\t\t\t\t\t\t<ul class=\"ul1\"><li class=\"li1\">A\u00a0<b>b\u00e9ta-karotin (provitamin A)<\/b>\u00a0sz\u00fcks\u00e9ges az eg\u00e9szs\u00e9ges ny\u00e1lkah\u00e1rty\u00e1khoz\u2013 az orr, a torok \u00e9s a t\u00fcd\u0151 ny\u00e1lkah\u00e1rty\u00e1ja az els\u0151 v\u00e9delmi vonalunk a fert\u0151z\u00e9sekkel szemben, viszont, ha az A-vitamin hi\u00e1nyzik a szervezet\u00fcnkb\u0151l, ezek v\u00e9delme gyeng\u00fcl.<\/li><li class=\"li1\">Term\u00e9szetesen nagy sz\u00fcks\u00e9g van mindezek mellett a megfelel\u0151 mennyis\u00e9g\u0171 \u00e9s min\u0151s\u00e9gi <b>pihen\u00e9sre<\/b> is.<\/li><li class=\"li1\">Gyermekk\u00f6z\u00f6ss\u00e9gekben a\u00a0fert\u0151z\u00e9sek is k\u00f6nnyebben terjednek, ez\u00e9rt kiemelten fontos a kicsik immunrendszer\u00e9nek t\u00e1mogat\u00e1sa.<\/li><li class=\"li1\">Term\u00e9szetesen fontos hangs\u00falyozni, hogy a term\u00e9k\u00a0<b>megel\u0151z\u00e9sre szolg\u00e1l<\/b>, nem gy\u00f3gyszer: az er\u0151s immunrendszer fel\u00e9p\u00edt\u00e9se egy folyamat, amihez hozz\u00e1j\u00e1rul a vitaminital, de <b>nem helyettes\u00edti az orvosi kezel\u00e9st<\/b>.<\/li><li class=\"li1\">Mindazon\u00e1ltal a PowerCocktail Junior egy\u00a0praktikus eszk\u00f6z a sz\u00fcl\u0151k kez\u00e9ben, hogy minden nap, egy finom ital form\u00e1j\u00e1ban t\u00e1mogass\u00e1k gyermek\u00fck immunit\u00e1s\u00e1t \u00e9s ezzel egy\u00fctt a teljes testi j\u00f3l\u00e9t\u00e9t.<\/li><li class=\"li1\"><b>NTC\u00ae technol\u00f3gi\u00e1j\u00e1t<\/b>\u00a0(Nutrient Transport Concept, azaz t\u00e1panyagsz\u00e1ll\u00edt\u00e1si koncepci\u00f3) is be\u00e9p\u00edtett\u00e9k a term\u00e9kbe, ami biztos\u00edtja, hogy a t\u00e1panyagok\u00a0pontosan akkor \u00e9s oda jussanak el, amikor \u00e9s ahol a szervezetnek sz\u00fcks\u00e9ge van r\u00e1juk, sejtszinten, ak\u00e1r 2-5 percen bel\u00fcl. Ennek k\u00f6sz\u00f6nhet\u0151en a PowerCocktail Junior hat\u00e9konys\u00e1ga kiemelked\u0151, a gyerekek szervezete gyorsan \u00e9s magas ar\u00e1nyban (ak\u00e1r ~90%-ban) hasznos\u00edtja a bevitt hat\u00f3anyagokat.<\/li><\/ul>\t\t\t\t\t\t\t\t<\/div>\n\t\t\t\t<\/div>\n\t\t\t\t<\/div>\n\t\t\t\t\t<\/div>\n\t\t\t\t<\/div>\n\t\t<div class=\"elementor-element elementor-element-60f2ca4 e-flex e-con-boxed e-con e-parent\" data-id=\"60f2ca4\" data-element_type=\"container\" data-e-type=\"container\" data-settings=\"{&quot;background_background&quot;:&quot;classic&quot;}\">\n\t\t\t\t\t<div class=\"e-con-inner\">\n\t\t<div class=\"elementor-element elementor-element-6bab7d8 e-con-full e-flex e-con e-child\" data-id=\"6bab7d8\" data-element_type=\"container\" data-e-type=\"container\">\n\t\t\t\t<div class=\"elementor-element elementor-element-b4187e1 elementor-widget elementor-widget-text-editor\" data-id=\"b4187e1\" data-element_type=\"widget\" data-e-type=\"widget\" data-widget_type=\"text-editor.default\">\n\t\t\t\t<div class=\"elementor-widget-container\">\n\t\t\t\t\t\t\t\t\t<p class=\"p1\"><span class=\"s1\"><b>Fogyaszt\u00e1sa<\/b><\/span>:\u00a01,5 \u00e9ves kort\u00f3l fogyaszthat\u00f3. A napi aj\u00e1nlott mennyis\u00e9get 150 ml sz\u00e9nsavmentes v\u00edzben vagy gy\u00fcm\u00f6lcsl\u00e9ben feloldjuk \u00e9s keverje, am\u00edg a por teljesen fel nem old\u00f3dik. Haszn\u00e1lja 1x naponta.<\/p><p class=\"p1\"><span class=\"s1\"><b>Aj\u00e1nlott mennyis\u00e9g:<\/b><\/span><\/p><ul class=\"ul1\"><li class=\"li1\"><b>1,5-3 \u00e9ves kor k\u00f6z\u00f6tt:<\/b> napi f\u00e9l te\u00e1skan\u00e1l<\/li><li class=\"li1\"><b>3-6 \u00e9ves kor k\u00f6z\u00f6tt:<\/b> napi egy te\u00e1skan\u00e1l<\/li><li class=\"li1\"><b>6-12 \u00e9ves kor k\u00f6z\u00f6tt:<\/b> napi k\u00e9t te\u00e1skan\u00e1l (7g)<\/li><\/ul><p class=\"p1\"><span class=\"s1\"><b>Kiszerel\u00e9s<\/b><\/span>: 210 g\/doboz, amely 30 napra, naponta 7 g pornak felel meg.<\/p>\t\t\t\t\t\t\t\t<\/div>\n\t\t\t\t<\/div>\n\t\t\t\t<\/div>\n\t\t\t\t\t<\/div>\n\t\t\t\t<\/div>\n\t\t\t\t<\/div>\n\t\t","protected":false},"excerpt":{"rendered":"<p>Immuner\u0151s\u00edt\u0151 term\u00e9keink FitLine PowerCocktail \u2013 Ind\u00edtsd a napod er\u0151sen, energikusan, eg\u00e9szs\u00e9gesen. A FitLine PowerCocktail t\u00f6bb mint egy reggeli ital, ez egy \u00a0komplex mikrot\u00e1panyag-formula, amely t\u00e1mogatja az energiaszintedet, az immunrendszeredet \u00e9s a b\u00e9lfl\u00f3r\u00e1d eg\u00e9szs\u00e9g\u00e9t \u2013 minden nap. Tudom\u00e1nyosan \u00f6ssze\u00e1ll\u00edtott formula T\u00f6bbsz\u00f6r\u00f6sen szabadalmaztatott \u00f6sszet\u00e9tel t\u00f6bb mint 20 n\u00f6v\u00e9nyi kivonattal, vitaminokkal, rostokkal, em\u00e9szt\u00e9st seg\u00edt\u0151 enzimekkel, pre- \u00e9s probiotikumokkal [&hellip;]<\/p>\n","protected":false},"author":1,"featured_media":0,"parent":0,"menu_order":0,"comment_status":"closed","ping_status":"closed","template":"elementor_header_footer","meta":{"footnotes":""},"class_list":["post-264","page","type-page","status-publish","hentry"],"_links":{"self":[{"href":"https:\/\/eletminosegedittel.hu\/index.php?rest_route=\/wp\/v2\/pages\/264","targetHints":{"allow":["GET"]}}],"collection":[{"href":"https:\/\/eletminosegedittel.hu\/index.php?rest_route=\/wp\/v2\/pages"}],"about":[{"href":"https:\/\/eletminosegedittel.hu\/index.php?rest_route=\/wp\/v2\/types\/page"}],"author":[{"embeddable":true,"href":"https:\/\/eletminosegedittel.hu\/index.php?rest_route=\/wp\/v2\/users\/1"}],"replies":[{"embeddable":true,"href":"https:\/\/eletminosegedittel.hu\/index.php?rest_route=%2Fwp%2Fv2%2Fcomments&post=264"}],"version-history":[{"count":82,"href":"https:\/\/eletminosegedittel.hu\/index.php?rest_route=\/wp\/v2\/pages\/264\/revisions"}],"predecessor-version":[{"id":640,"href":"https:\/\/eletminosegedittel.hu\/index.php?rest_route=\/wp\/v2\/pages\/264\/revisions\/640"}],"wp:attachment":[{"href":"https:\/\/eletminosegedittel.hu\/index.php?rest_route=%2Fwp%2Fv2%2Fmedia&parent=264"}],"curies":[{"name":"wp","href":"https:\/\/api.w.org\/{rel}","templated":true}]}}